{"id":87,"date":"2024-08-20T16:27:11","date_gmt":"2024-08-20T14:27:11","guid":{"rendered":"https:\/\/lesateliersm.fr\/?page_id=87"},"modified":"2025-01-07T10:01:14","modified_gmt":"2025-01-07T09:01:14","slug":"a-propos-de","status":"publish","type":"page","link":"https:\/\/lesateliersm.fr\/index.php\/a-propos-de\/","title":{"rendered":"\u00c0 propos de nous"},"content":{"rendered":"\n<div class=\"wp-block-group is-content-justification-center is-nowrap is-layout-flex wp-container-core-group-is-layout-23441af8 wp-block-group-is-layout-flex\">\n<p class=\"has-text-align-left has-medium-font-size\"><mark style=\"background-color:rgba(0, 0, 0, 0);color:#799f90\" class=\"has-inline-color\"><strong>Embellisseurs d\u2019\u00e9v\u00e8nements<\/strong><\/mark><\/p>\n<\/div>\n\n\n\n<p><strong>Notre histoire :<\/strong><\/p>\n\n\n\n<p>Une histoire qui s\u2019\u00e9crit depuis plusieurs ann\u00e9es dans les pens\u00e9es des associ\u00e9s (Mgroup | D\u00e9placer les montagnes | Tentourage). Puis en d\u00e9cembre 2023, les pens\u00e9es se concr\u00e9tisent ! Lucile prend les commandes pour faire vivre les projets de nos clients \u00e0 travers <strong>LES ATELIERS M<\/strong>.<\/p>\n\n\n\n<p>Ensemble, imaginons vos d\u00e9cors, conceptualisons vos envies et le reste on s\u2019en charge !<\/p>\n\n\n\n<p>En r\u00e9alit\u00e9 notre histoire est l\u2019illustration m\u00eame de notre mission : <br><strong>Rendre les id\u00e9es r\u00e9alit\u00e9 !<\/strong><\/p>\n\n\n\n<hr class=\"wp-block-separator has-alpha-channel-opacity\"\/>\n\n\n\n<p>Chez LES ATELIERS M, nous sommes sp\u00e9cialis\u00e9s dans la d\u00e9coration, la sc\u00e9nographie et l\u2019agencement d\u2019\u00e9v\u00e9nements professionnels. Notre mission est de transformer vos id\u00e9es en exp\u00e9riences m\u00e9morables, en cr\u00e9ant des environnements uniques qui captivent et inspirent.<\/p>\n\n\n\n<p><strong>Ce que nous proposons :<\/strong><\/p>\n\n\n\n<p><strong>D\u00e9coration sur Mesure :<\/strong><br>Nous concevons des concepts d\u00e9coratifs adapt\u00e9s \u00e0 l\u2019identit\u00e9 de votre marque et aux sp\u00e9cificit\u00e9s de votre \u00e9v\u00e9nement. Que ce soit pour des salons, des \u00e9v\u00e8nements culturels, sportifs ou d\u2019entreprises, notre \u00e9quipe s&rsquo;assure que chaque d\u00e9tail refl\u00e8te vos valeurs et votre message.<\/p>\n\n\n\n<p><strong>Sc\u00e9nographie \u00c9motionnelle :<\/strong><br>Nous croyons que chaque \u00e9v\u00e9nement est une histoire \u00e0 raconter. Gr\u00e2ce \u00e0 notre approche sc\u00e9nographique, nous cr\u00e9ons des ambiances immersives qui engagent les participants. En int\u00e9grant des \u00e9l\u00e9ments visuels, sonores et parfois olfactifs, nous contribuons \u00e0 forger des souvenirs durables et \u00e0 renforcer la connexion avec votre audience.<\/p>\n\n\n\n<p><strong>Agencement Fonctionnel :<\/strong><br>L\u2019agencement de l\u2019espace est essentiel pour garantir le succ\u00e8s de votre \u00e9v\u00e9nement. Notre \u00e9quipe analyse minutieusement votre lieu pour optimiser la circulation, le confort et l\u2019interaction. Nous proposons des solutions innovantes qui allient esth\u00e9tique et fonctionnalit\u00e9, garantissant ainsi une exp\u00e9rience fluide et agr\u00e9able pour tous les participants.<\/p>\n\n\n\n<div style=\"height:43px\" aria-hidden=\"true\" class=\"wp-block-spacer\"><\/div>\n\n\n\n<figure class=\"wp-block-image size-large is-resized\"><img loading=\"lazy\" decoding=\"async\" width=\"1024\" height=\"576\" src=\"https:\/\/lesateliersm.fr\/wp-content\/uploads\/2025\/01\/PULSEA-25-ANS-1024x576.png\" alt=\"\" class=\"wp-image-402\" style=\"width:1140px;height:auto\" srcset=\"https:\/\/lesateliersm.fr\/wp-content\/uploads\/2025\/01\/PULSEA-25-ANS-1024x576.png 1024w, https:\/\/lesateliersm.fr\/wp-content\/uploads\/2025\/01\/PULSEA-25-ANS-300x169.png 300w, https:\/\/lesateliersm.fr\/wp-content\/uploads\/2025\/01\/PULSEA-25-ANS.png 1920w\" sizes=\"auto, (max-width: 1024px) 100vw, 1024px\" \/><\/figure>\n\n\n\n<div style=\"height:43px\" aria-hidden=\"true\" class=\"wp-block-spacer\"><\/div>\n\n\n\n<p><strong>Pourquoi choisir LES ATELIERS M ?<\/strong><\/p>\n\n\n\n<p><strong>Expertise et Passion :<\/strong>&nbsp;Notre \u00e9quipe est compos\u00e9e de professionnels passionn\u00e9s par le design et l\u2019\u00e9v\u00e9nementiel, avec une solide exp\u00e9rience dans le secteur. Nous sommes \u00e0 l&rsquo;\u00e9coute de vos besoins et nous travaillons main dans la main avec vous pour r\u00e9aliser votre vision.<\/p>\n\n\n\n<p><strong>Solutions Durables :<\/strong>&nbsp;Soucieux de l&rsquo;environnement, nous nous engageons \u00e0 utiliser des mat\u00e9riaux durables et des pratiques \u00e9coresponsables dans tous nos projets. Nous croyons que chaque \u00e9v\u00e9nement peut \u00eatre \u00e0 la fois magnifique et respectueux de notre plan\u00e8te.<\/p>\n\n\n\n<p><strong>Adaptabilit\u00e9 :<\/strong>&nbsp;Qu&rsquo;il s&rsquo;agisse d&rsquo;un s\u00e9minaire intimiste ou d&rsquo;un \u00e9v\u00e9nement grand ampleur, nous nous adaptation \u00e0 toutes les \u00e9chelles. Notre flexibilit\u00e9 nous permet de r\u00e9pondre efficacement \u00e0 vos exigences et \u00e0 celles de vos participants.<\/p>\n\n\n\n<div style=\"height:43px\" aria-hidden=\"true\" class=\"wp-block-spacer\"><\/div>\n\n\n\n<p><\/p>\n","protected":false},"excerpt":{"rendered":"<p>Embellisseurs d\u2019\u00e9v\u00e8nements Notre histoire : Une histoire qui s\u2019\u00e9crit depuis plusieurs ann\u00e9es dans les pens\u00e9es des associ\u00e9s (Mgroup | D\u00e9placer les montagnes | Tentourage). Puis en d\u00e9cembre 2023, les pens\u00e9es se concr\u00e9tisent ! Lucile prend les commandes pour faire vivre les projets de nos clients \u00e0 travers LES ATELIERS M. Ensemble, imaginons vos d\u00e9cors, conceptualisons &hellip; <\/p>\n<p class=\"link-more\"><a href=\"https:\/\/lesateliersm.fr\/index.php\/a-propos-de\/\" class=\"more-link\">Lire la suite de<span class=\"screen-reader-text\">\u00ab\u00a0\u00c0 propos de nous\u00a0\u00bb<\/span><\/a><\/p>\n","protected":false},"author":1,"featured_media":334,"parent":0,"menu_order":0,"comment_status":"closed","ping_status":"closed","template":"","meta":{"footnotes":""},"class_list":["post-87","page","type-page","status-publish","has-post-thumbnail","hentry"],"_links":{"self":[{"href":"https:\/\/lesateliersm.fr\/index.php\/wp-json\/wp\/v2\/pages\/87","targetHints":{"allow":["GET"]}}],"collection":[{"href":"https:\/\/lesateliersm.fr\/index.php\/wp-json\/wp\/v2\/pages"}],"about":[{"href":"https:\/\/lesateliersm.fr\/index.php\/wp-json\/wp\/v2\/types\/page"}],"author":[{"embeddable":true,"href":"https:\/\/lesateliersm.fr\/index.php\/wp-json\/wp\/v2\/users\/1"}],"replies":[{"embeddable":true,"href":"https:\/\/lesateliersm.fr\/index.php\/wp-json\/wp\/v2\/comments?post=87"}],"version-history":[{"count":23,"href":"https:\/\/lesateliersm.fr\/index.php\/wp-json\/wp\/v2\/pages\/87\/revisions"}],"predecessor-version":[{"id":407,"href":"https:\/\/lesateliersm.fr\/index.php\/wp-json\/wp\/v2\/pages\/87\/revisions\/407"}],"wp:featuredmedia":[{"embeddable":true,"href":"https:\/\/lesateliersm.fr\/index.php\/wp-json\/wp\/v2\/media\/334"}],"wp:attachment":[{"href":"https:\/\/lesateliersm.fr\/index.php\/wp-json\/wp\/v2\/media?parent=87"}],"curies":[{"name":"wp","href":"https:\/\/api.w.org\/{rel}","templated":true}]}}