{"id":296,"date":"2024-11-15T11:43:31","date_gmt":"2024-11-15T10:43:31","guid":{"rendered":"https:\/\/lesateliersm.fr\/?page_id=296"},"modified":"2026-04-03T15:34:20","modified_gmt":"2026-04-03T13:34:20","slug":"nos-prestations","status":"publish","type":"page","link":"https:\/\/lesateliersm.fr\/index.php\/nos-prestations\/","title":{"rendered":"Nos prestations"},"content":{"rendered":"\n<h2 class=\"wp-block-heading\">TARTIFEST <\/h2>\n\n\n\n<p>15 NOVEMBRE 2025 | HALLE OLYMPIQUE &#8211; <strong>ALBERTVILLE<\/strong><br>Notre mission :<br>&#8211; Imaginer sc\u00e8ne sur-mesure pouvant accueillir les 6 po\u00eales g\u00e9antes.<br>&#8211; Habiller le fond de sc\u00e8ne.<br>&#8211; Penser et construire diff\u00e9rents corners dans le hall d&rsquo;entr\u00e9e pour le rendre plus immersif.<br>&#8211; Habiller la mezzanine afin d&rsquo;accueillir l&rsquo;espace VIP.<\/p>\n\n\n\n<figure class=\"wp-block-gallery has-nested-images columns-default is-cropped wp-block-gallery-1 is-layout-flex wp-block-gallery-is-layout-flex\">\n<figure class=\"wp-block-image size-large\"><img loading=\"lazy\" decoding=\"async\" width=\"576\" height=\"1024\" data-id=\"487\" src=\"https:\/\/lesateliersm.fr\/wp-content\/uploads\/2025\/11\/IMG_7874-576x1024.jpeg\" alt=\"\" class=\"wp-image-487\" srcset=\"https:\/\/lesateliersm.fr\/wp-content\/uploads\/2025\/11\/IMG_7874-576x1024.jpeg 576w, https:\/\/lesateliersm.fr\/wp-content\/uploads\/2025\/11\/IMG_7874-169x300.jpeg 169w, https:\/\/lesateliersm.fr\/wp-content\/uploads\/2025\/11\/IMG_7874-2000x3556.jpeg 2000w, https:\/\/lesateliersm.fr\/wp-content\/uploads\/2025\/11\/IMG_7874-scaled.jpeg 1440w\" sizes=\"auto, (max-width: 576px) 100vw, 576px\" \/><\/figure>\n\n\n\n<figure class=\"wp-block-image size-large\"><img loading=\"lazy\" decoding=\"async\" width=\"576\" height=\"1024\" data-id=\"486\" src=\"https:\/\/lesateliersm.fr\/wp-content\/uploads\/2025\/11\/IMG_7909-576x1024.jpeg\" alt=\"\" class=\"wp-image-486\" srcset=\"https:\/\/lesateliersm.fr\/wp-content\/uploads\/2025\/11\/IMG_7909-576x1024.jpeg 576w, https:\/\/lesateliersm.fr\/wp-content\/uploads\/2025\/11\/IMG_7909-169x300.jpeg 169w, https:\/\/lesateliersm.fr\/wp-content\/uploads\/2025\/11\/IMG_7909-2000x3556.jpeg 2000w, https:\/\/lesateliersm.fr\/wp-content\/uploads\/2025\/11\/IMG_7909-scaled.jpeg 1440w\" sizes=\"auto, (max-width: 576px) 100vw, 576px\" \/><\/figure>\n\n\n\n<figure class=\"wp-block-image size-large\"><img loading=\"lazy\" decoding=\"async\" width=\"1024\" height=\"683\" data-id=\"485\" src=\"https:\/\/lesateliersm.fr\/wp-content\/uploads\/2025\/11\/IMG_8043-1024x683.jpeg\" alt=\"\" class=\"wp-image-485\" srcset=\"https:\/\/lesateliersm.fr\/wp-content\/uploads\/2025\/11\/IMG_8043-1024x683.jpeg 1024w, https:\/\/lesateliersm.fr\/wp-content\/uploads\/2025\/11\/IMG_8043-300x200.jpeg 300w, https:\/\/lesateliersm.fr\/wp-content\/uploads\/2025\/11\/IMG_8043.jpeg 1179w\" sizes=\"auto, (max-width: 1024px) 100vw, 1024px\" \/><\/figure>\n<\/figure>\n\n\n\n<div style=\"height:45px\" aria-hidden=\"true\" class=\"wp-block-spacer\"><\/div>\n\n\n\n<h2 class=\"wp-block-heading\">STAND EXPLORE SAVOIE &#8211; ROC D&rsquo;AZUR<\/h2>\n\n\n\n<p>9 AU 12 OCTOBRE 2025 | BASE NATURE FRANCOIS LEOTARD &#8211; <strong>FREJUS<\/strong><br>Notre mission :<br>&#8211; Cr\u00e9ation d&rsquo;un stand alliant esth\u00e9tisme, fonctionnalit\u00e9 et technologie.<br>&#8211; Conception 3D.<br>&#8211; Int\u00e9gration technique de la partie audiovisuelle.<br>&#8211; Agencement des diff\u00e9rents espaces d&rsquo;animations et d&rsquo;\u00e9changes.<\/p>\n\n\n\n<figure class=\"wp-block-gallery has-nested-images columns-default is-cropped wp-block-gallery-2 is-layout-flex wp-block-gallery-is-layout-flex\">\n<figure class=\"wp-block-image size-large\"><img loading=\"lazy\" decoding=\"async\" width=\"1024\" height=\"768\" data-id=\"480\" src=\"https:\/\/lesateliersm.fr\/wp-content\/uploads\/2025\/11\/20251008_150747-1024x768.jpg\" alt=\"\" class=\"wp-image-480\" srcset=\"https:\/\/lesateliersm.fr\/wp-content\/uploads\/2025\/11\/20251008_150747-1024x768.jpg 1024w, https:\/\/lesateliersm.fr\/wp-content\/uploads\/2025\/11\/20251008_150747-300x225.jpg 300w, https:\/\/lesateliersm.fr\/wp-content\/uploads\/2025\/11\/20251008_150747-2000x1500.jpg 2000w\" sizes=\"auto, (max-width: 1024px) 100vw, 1024px\" \/><\/figure>\n\n\n\n<figure class=\"wp-block-image size-large\"><img loading=\"lazy\" decoding=\"async\" width=\"768\" height=\"1024\" data-id=\"482\" src=\"https:\/\/lesateliersm.fr\/wp-content\/uploads\/2025\/11\/20251008_150755-768x1024.jpg\" alt=\"\" class=\"wp-image-482\" srcset=\"https:\/\/lesateliersm.fr\/wp-content\/uploads\/2025\/11\/20251008_150755-768x1024.jpg 768w, https:\/\/lesateliersm.fr\/wp-content\/uploads\/2025\/11\/20251008_150755-225x300.jpg 225w, https:\/\/lesateliersm.fr\/wp-content\/uploads\/2025\/11\/20251008_150755-2000x2667.jpg 2000w, https:\/\/lesateliersm.fr\/wp-content\/uploads\/2025\/11\/20251008_150755-scaled.jpg 1920w\" sizes=\"auto, (max-width: 768px) 100vw, 768px\" \/><\/figure>\n\n\n\n<figure class=\"wp-block-image size-large\"><img loading=\"lazy\" decoding=\"async\" width=\"768\" height=\"1024\" data-id=\"481\" src=\"https:\/\/lesateliersm.fr\/wp-content\/uploads\/2025\/11\/20251008_150759-768x1024.jpg\" alt=\"\" class=\"wp-image-481\" srcset=\"https:\/\/lesateliersm.fr\/wp-content\/uploads\/2025\/11\/20251008_150759-768x1024.jpg 768w, https:\/\/lesateliersm.fr\/wp-content\/uploads\/2025\/11\/20251008_150759-225x300.jpg 225w, https:\/\/lesateliersm.fr\/wp-content\/uploads\/2025\/11\/20251008_150759-2000x2667.jpg 2000w, https:\/\/lesateliersm.fr\/wp-content\/uploads\/2025\/11\/20251008_150759-scaled.jpg 1920w\" sizes=\"auto, (max-width: 768px) 100vw, 768px\" \/><\/figure>\n<\/figure>\n\n\n\n<div style=\"height:45px\" aria-hidden=\"true\" class=\"wp-block-spacer\"><\/div>\n\n\n\n<h2 class=\"wp-block-heading\">AGENCEMENT ET D\u00c9CORATION GUINGUETTE<\/h2>\n\n\n\n<p>25 SEPTEMBRE 2025 | PATINOIRE POLE SUD &#8211; <strong>GRENOBLE<\/strong><br>Notre mission :<br>&#8211; Agencement de la patinoire et d\u00e9limitation d&rsquo;espaces<br>&#8211; D\u00e9coration sur le th\u00e8me \u00ab\u00a0guinguette\u00a0\u00bb.<\/p>\n\n\n\n<figure class=\"wp-block-gallery has-nested-images columns-default is-cropped wp-block-gallery-3 is-layout-flex wp-block-gallery-is-layout-flex\">\n<figure class=\"wp-block-image size-large\"><img loading=\"lazy\" decoding=\"async\" width=\"1024\" height=\"768\" data-id=\"479\" src=\"https:\/\/lesateliersm.fr\/wp-content\/uploads\/2025\/11\/WhatsApp-Image-2025-10-29-a-18.42.03_862f4280-1024x768.jpg\" alt=\"\" class=\"wp-image-479\" srcset=\"https:\/\/lesateliersm.fr\/wp-content\/uploads\/2025\/11\/WhatsApp-Image-2025-10-29-a-18.42.03_862f4280-1024x768.jpg 1024w, https:\/\/lesateliersm.fr\/wp-content\/uploads\/2025\/11\/WhatsApp-Image-2025-10-29-a-18.42.03_862f4280-300x225.jpg 300w, https:\/\/lesateliersm.fr\/wp-content\/uploads\/2025\/11\/WhatsApp-Image-2025-10-29-a-18.42.03_862f4280.jpg 1600w\" sizes=\"auto, (max-width: 1024px) 100vw, 1024px\" \/><\/figure>\n\n\n\n<figure class=\"wp-block-image size-large\"><img loading=\"lazy\" decoding=\"async\" width=\"1024\" height=\"768\" data-id=\"478\" src=\"https:\/\/lesateliersm.fr\/wp-content\/uploads\/2025\/11\/WhatsApp-Image-2025-10-29-a-18.42.03_df7bb5a3-1024x768.jpg\" alt=\"\" class=\"wp-image-478\" srcset=\"https:\/\/lesateliersm.fr\/wp-content\/uploads\/2025\/11\/WhatsApp-Image-2025-10-29-a-18.42.03_df7bb5a3-1024x768.jpg 1024w, https:\/\/lesateliersm.fr\/wp-content\/uploads\/2025\/11\/WhatsApp-Image-2025-10-29-a-18.42.03_df7bb5a3-300x225.jpg 300w, https:\/\/lesateliersm.fr\/wp-content\/uploads\/2025\/11\/WhatsApp-Image-2025-10-29-a-18.42.03_df7bb5a3.jpg 1600w\" sizes=\"auto, (max-width: 1024px) 100vw, 1024px\" \/><\/figure>\n\n\n\n<figure class=\"wp-block-image size-large\"><img loading=\"lazy\" decoding=\"async\" width=\"1024\" height=\"768\" data-id=\"477\" src=\"https:\/\/lesateliersm.fr\/wp-content\/uploads\/2025\/11\/WhatsApp-Image-2025-10-29-a-18.42.04_d9fd7832-1024x768.jpg\" alt=\"\" class=\"wp-image-477\" srcset=\"https:\/\/lesateliersm.fr\/wp-content\/uploads\/2025\/11\/WhatsApp-Image-2025-10-29-a-18.42.04_d9fd7832-1024x768.jpg 1024w, https:\/\/lesateliersm.fr\/wp-content\/uploads\/2025\/11\/WhatsApp-Image-2025-10-29-a-18.42.04_d9fd7832-300x225.jpg 300w, https:\/\/lesateliersm.fr\/wp-content\/uploads\/2025\/11\/WhatsApp-Image-2025-10-29-a-18.42.04_d9fd7832.jpg 1600w\" sizes=\"auto, (max-width: 1024px) 100vw, 1024px\" \/><\/figure>\n<\/figure>\n\n\n\n<div style=\"height:45px\" aria-hidden=\"true\" class=\"wp-block-spacer\"><\/div>\n\n\n\n<h2 class=\"wp-block-heading\">CR\u00c9ATION D&rsquo;UN BAR SUR-MESURE<\/h2>\n\n\n\n<p>SEPTEMBRE 2025 | CH\u00c2TEAU BAYARD &#8211; <strong>PONTCHARRA<\/strong><br>Notre mission : \u00c9tude, conception et fabrication d&rsquo;un bar sur-mesure \u00e0 partir de mat\u00e9riaux locaux et \u00e9co-responsables.<\/p>\n\n\n\n<figure class=\"wp-block-gallery has-nested-images columns-default is-cropped wp-block-gallery-4 is-layout-flex wp-block-gallery-is-layout-flex\">\n<figure class=\"wp-block-image size-large\"><img loading=\"lazy\" decoding=\"async\" width=\"768\" height=\"1024\" data-id=\"475\" src=\"https:\/\/lesateliersm.fr\/wp-content\/uploads\/2025\/11\/WhatsApp-Image-2025-10-14-a-14.59.47_a7112d8a-768x1024.jpg\" alt=\"\" class=\"wp-image-475\" srcset=\"https:\/\/lesateliersm.fr\/wp-content\/uploads\/2025\/11\/WhatsApp-Image-2025-10-14-a-14.59.47_a7112d8a-768x1024.jpg 768w, https:\/\/lesateliersm.fr\/wp-content\/uploads\/2025\/11\/WhatsApp-Image-2025-10-14-a-14.59.47_a7112d8a-225x300.jpg 225w, https:\/\/lesateliersm.fr\/wp-content\/uploads\/2025\/11\/WhatsApp-Image-2025-10-14-a-14.59.47_a7112d8a.jpg 1200w\" sizes=\"auto, (max-width: 768px) 100vw, 768px\" \/><\/figure>\n\n\n\n<figure class=\"wp-block-image size-large\"><img loading=\"lazy\" decoding=\"async\" width=\"768\" height=\"1024\" data-id=\"476\" src=\"https:\/\/lesateliersm.fr\/wp-content\/uploads\/2025\/11\/WhatsApp-Image-2025-10-14-a-14.59.46_82461f7b-768x1024.jpg\" alt=\"\" class=\"wp-image-476\" srcset=\"https:\/\/lesateliersm.fr\/wp-content\/uploads\/2025\/11\/WhatsApp-Image-2025-10-14-a-14.59.46_82461f7b-768x1024.jpg 768w, https:\/\/lesateliersm.fr\/wp-content\/uploads\/2025\/11\/WhatsApp-Image-2025-10-14-a-14.59.46_82461f7b-225x300.jpg 225w, https:\/\/lesateliersm.fr\/wp-content\/uploads\/2025\/11\/WhatsApp-Image-2025-10-14-a-14.59.46_82461f7b.jpg 1200w\" sizes=\"auto, (max-width: 768px) 100vw, 768px\" \/><\/figure>\n<\/figure>\n\n\n\n<p><mark style=\"background-color:rgba(0, 0, 0, 0);color:#779f90\" class=\"has-inline-color\"><strong>INFORMATIONS SUR LE LIEU :<\/strong> LE CH\u00c2TEAU BAYAR<\/mark><mark style=\"background-color:rgba(0, 0, 0, 0)\" class=\"has-inline-color has-secondary-color\">D <\/mark><br>Le Ch\u00e2teau Bayard, domaine viticole historique situ\u00e9 \u00e0 Pontcharra en Is\u00e8re (30 min de Grenoble), accueille vos s\u00e9minaires, team building et \u00e9v\u00e9nements corporate dans un cadre d&rsquo;exception. Salles modulables pour 10 \u00e0 150 personnes, concept \u00ab\u00a0Wellbeing Corporate Experience\u00a0\u00bb et activit\u00e9s \u0153nologiques sur-mesure. Privatisation totale du domaine, parking gratuit, traiteur partenaire.<\/p>\n\n\n\n<p>\ud83d\udd17 LIEN SITE WEB : <a href=\"https:\/\/www.chevalier-bayard.com\">https:\/\/www.chevalier-bayard.com<\/a><\/p>\n\n\n\n<p>\ud83d\udcde COORDONN\u00c9ES : T\u00e9l\u00e9phone : 04 76 40 25 58<\/p>\n\n\n\n<p>Email : <a href=\"mailto:contact@chevalier-bayard.com\">contact@chevalier-bayard.com<\/a><\/p>\n\n\n\n<figure class=\"wp-block-gallery has-nested-images columns-default is-cropped wp-block-gallery-5 is-layout-flex wp-block-gallery-is-layout-flex\">\n<figure class=\"wp-block-image size-large\"><img loading=\"lazy\" decoding=\"async\" width=\"668\" height=\"668\" data-id=\"495\" src=\"https:\/\/lesateliersm.fr\/wp-content\/uploads\/2026\/04\/logo-circle-A-red_page-0001.jpg\" alt=\"\" class=\"wp-image-495\" srcset=\"https:\/\/lesateliersm.fr\/wp-content\/uploads\/2026\/04\/logo-circle-A-red_page-0001.jpg 668w, https:\/\/lesateliersm.fr\/wp-content\/uploads\/2026\/04\/logo-circle-A-red_page-0001-300x300.jpg 300w, https:\/\/lesateliersm.fr\/wp-content\/uploads\/2026\/04\/logo-circle-A-red_page-0001-150x150.jpg 150w\" sizes=\"auto, (max-width: 668px) 100vw, 668px\" \/><\/figure>\n\n\n\n<figure class=\"wp-block-image size-large\"><img loading=\"lazy\" decoding=\"async\" width=\"1024\" height=\"575\" data-id=\"492\" src=\"https:\/\/lesateliersm.fr\/wp-content\/uploads\/2026\/04\/chateau-bayard-1024x575.jpg\" alt=\"\" class=\"wp-image-492\" srcset=\"https:\/\/lesateliersm.fr\/wp-content\/uploads\/2026\/04\/chateau-bayard-1024x575.jpg 1024w, https:\/\/lesateliersm.fr\/wp-content\/uploads\/2026\/04\/chateau-bayard-300x168.jpg 300w, https:\/\/lesateliersm.fr\/wp-content\/uploads\/2026\/04\/chateau-bayard-2000x1122.jpg 2000w\" sizes=\"auto, (max-width: 1024px) 100vw, 1024px\" \/><\/figure>\n<\/figure>\n\n\n\n<div style=\"height:45px\" aria-hidden=\"true\" class=\"wp-block-spacer\"><\/div>\n\n\n\n<h2 class=\"wp-block-heading\">BARBEUK DE SAUCISSE MAISON<\/h2>\n\n\n\n<p>21 JUIN 2025 | LA TABLE DU 20 &#8211; <strong>GRENOBLE<\/strong><br>Notre mission :<br>&#8211; Agencement de l&rsquo;ext\u00e9rieur du restaurant.<br>&#8211; D\u00e9coration des espaces.<br>&#8211; Sc\u00e9nographie sur le th\u00e8me \u00ab\u00a0guinguette\u00a0\u00bb.<\/p>\n\n\n\n<figure class=\"wp-block-gallery has-nested-images columns-default is-cropped wp-block-gallery-6 is-layout-flex wp-block-gallery-is-layout-flex\">\n<figure class=\"wp-block-image size-large\"><img loading=\"lazy\" decoding=\"async\" width=\"768\" height=\"1024\" data-id=\"466\" src=\"https:\/\/lesateliersm.fr\/wp-content\/uploads\/2025\/07\/20250621_095028-768x1024.jpg\" alt=\"\" class=\"wp-image-466\" srcset=\"https:\/\/lesateliersm.fr\/wp-content\/uploads\/2025\/07\/20250621_095028-768x1024.jpg 768w, https:\/\/lesateliersm.fr\/wp-content\/uploads\/2025\/07\/20250621_095028-225x300.jpg 225w, https:\/\/lesateliersm.fr\/wp-content\/uploads\/2025\/07\/20250621_095028-2000x2667.jpg 2000w, https:\/\/lesateliersm.fr\/wp-content\/uploads\/2025\/07\/20250621_095028-scaled.jpg 1920w\" sizes=\"auto, (max-width: 768px) 100vw, 768px\" \/><\/figure>\n\n\n\n<figure class=\"wp-block-image size-large\"><img loading=\"lazy\" decoding=\"async\" width=\"768\" height=\"1024\" data-id=\"467\" src=\"https:\/\/lesateliersm.fr\/wp-content\/uploads\/2025\/07\/20250621_095132-768x1024.jpg\" alt=\"\" class=\"wp-image-467\" srcset=\"https:\/\/lesateliersm.fr\/wp-content\/uploads\/2025\/07\/20250621_095132-768x1024.jpg 768w, https:\/\/lesateliersm.fr\/wp-content\/uploads\/2025\/07\/20250621_095132-225x300.jpg 225w, https:\/\/lesateliersm.fr\/wp-content\/uploads\/2025\/07\/20250621_095132-2000x2667.jpg 2000w, https:\/\/lesateliersm.fr\/wp-content\/uploads\/2025\/07\/20250621_095132-scaled.jpg 1920w\" sizes=\"auto, (max-width: 768px) 100vw, 768px\" \/><\/figure>\n\n\n\n<figure class=\"wp-block-image size-large\"><img loading=\"lazy\" decoding=\"async\" width=\"768\" height=\"1024\" data-id=\"465\" src=\"https:\/\/lesateliersm.fr\/wp-content\/uploads\/2025\/07\/20250621_095358-768x1024.jpg\" alt=\"\" class=\"wp-image-465\" srcset=\"https:\/\/lesateliersm.fr\/wp-content\/uploads\/2025\/07\/20250621_095358-768x1024.jpg 768w, https:\/\/lesateliersm.fr\/wp-content\/uploads\/2025\/07\/20250621_095358-225x300.jpg 225w, https:\/\/lesateliersm.fr\/wp-content\/uploads\/2025\/07\/20250621_095358-2000x2667.jpg 2000w, https:\/\/lesateliersm.fr\/wp-content\/uploads\/2025\/07\/20250621_095358-scaled.jpg 1920w\" sizes=\"auto, (max-width: 768px) 100vw, 768px\" \/><\/figure>\n<\/figure>\n\n\n\n<div style=\"height:45px\" aria-hidden=\"true\" class=\"wp-block-spacer\"><\/div>\n\n\n\n<h2 class=\"wp-block-heading\">F\u00caTES DES TUILES 2025<\/h2>\n\n\n\n<p>14 JUIN 2025 | <strong>GRENOBLE<\/strong><br>Notre mission :<br>&#8211; Imaginer, conceptualiser et cr\u00e9er des d\u00e9cors pour diff\u00e9rents espaces : la zone ombrag\u00e9e, la sc\u00e8ne centrale les kits d\u00e9co le long du cours, la sc\u00e8ne world et le plateau de danse.<br>&#8211; R\u00e9aliser des moodboard et des mod\u00e9lisations 3D<br>&#8211; Et surtout apporter de la couleur sur cette belle journ\u00e9e<\/p>\n\n\n\n<figure class=\"wp-block-gallery has-nested-images columns-default is-cropped wp-block-gallery-7 is-layout-flex wp-block-gallery-is-layout-flex\">\n<figure class=\"wp-block-image size-large\"><img loading=\"lazy\" decoding=\"async\" width=\"1024\" height=\"576\" data-id=\"461\" src=\"http:\/\/lesateliersm.fr\/wp-content\/uploads\/2025\/07\/IMG_3995-1024x576.jpeg\" alt=\"\" class=\"wp-image-461\" srcset=\"https:\/\/lesateliersm.fr\/wp-content\/uploads\/2025\/07\/IMG_3995-1024x576.jpeg 1024w, https:\/\/lesateliersm.fr\/wp-content\/uploads\/2025\/07\/IMG_3995-300x169.jpeg 300w, https:\/\/lesateliersm.fr\/wp-content\/uploads\/2025\/07\/IMG_3995-2000x1125.jpeg 2000w\" sizes=\"auto, (max-width: 1024px) 100vw, 1024px\" \/><\/figure>\n\n\n\n<figure class=\"wp-block-image size-large\"><img loading=\"lazy\" decoding=\"async\" width=\"1024\" height=\"576\" data-id=\"462\" src=\"https:\/\/lesateliersm.fr\/wp-content\/uploads\/2025\/07\/IMG_4003-1024x576.jpeg\" alt=\"\" class=\"wp-image-462\" srcset=\"https:\/\/lesateliersm.fr\/wp-content\/uploads\/2025\/07\/IMG_4003-1024x576.jpeg 1024w, https:\/\/lesateliersm.fr\/wp-content\/uploads\/2025\/07\/IMG_4003-300x169.jpeg 300w, https:\/\/lesateliersm.fr\/wp-content\/uploads\/2025\/07\/IMG_4003-2000x1125.jpeg 2000w\" sizes=\"auto, (max-width: 1024px) 100vw, 1024px\" \/><\/figure>\n\n\n\n<figure class=\"wp-block-image size-large\"><img loading=\"lazy\" decoding=\"async\" width=\"576\" height=\"1024\" data-id=\"459\" src=\"https:\/\/lesateliersm.fr\/wp-content\/uploads\/2025\/07\/IMG_4023-576x1024.jpeg\" alt=\"\" class=\"wp-image-459\" srcset=\"https:\/\/lesateliersm.fr\/wp-content\/uploads\/2025\/07\/IMG_4023-576x1024.jpeg 576w, https:\/\/lesateliersm.fr\/wp-content\/uploads\/2025\/07\/IMG_4023-169x300.jpeg 169w, https:\/\/lesateliersm.fr\/wp-content\/uploads\/2025\/07\/IMG_4023-2000x3556.jpeg 2000w, https:\/\/lesateliersm.fr\/wp-content\/uploads\/2025\/07\/IMG_4023-scaled.jpeg 1440w\" sizes=\"auto, (max-width: 576px) 100vw, 576px\" \/><\/figure>\n<\/figure>\n\n\n\n<div style=\"height:45px\" aria-hidden=\"true\" class=\"wp-block-spacer\"><\/div>\n\n\n\n<h2 class=\"wp-block-heading\">SALON DES MAIRES DE SAVOIE 2025<\/h2>\n\n\n\n<p>27 MARS 2025 | HALLE OLYMPIQUE &#8211; <strong>ALBERTVILLE<\/strong><br>Notre mission ? &nbsp;Cr\u00e9er des espaces pouvant accueillir des conf\u00e9rences et des espaces de coworking<br>&#8211; Penser et conceptualiser des espaces fonctionnels (design, agencement, implantation, mobilier, technique)<br>&#8211; R\u00e9aliser des mod\u00e9lisations 3D pour notre client<br>&#8211; Fabriquer sur mesure les cloisons pour int\u00e9grer les \u00e9crans et les r\u00e9gies son\/vid\u00e9o<br>&#8211; Int\u00e9grer des \u00e9crans et des syst\u00e8mes audio mobiles pour les conf\u00e9rences silencieuses<br>&#8211; Coordonner techniquement les 2 agoras tout au long du salon.<\/p>\n\n\n\n<figure class=\"wp-block-gallery has-nested-images columns-default is-cropped wp-block-gallery-8 is-layout-flex wp-block-gallery-is-layout-flex\">\n<figure class=\"wp-block-image size-large\"><img loading=\"lazy\" decoding=\"async\" width=\"1024\" height=\"683\" data-id=\"454\" src=\"https:\/\/lesateliersm.fr\/wp-content\/uploads\/2025\/04\/IMG_4375-1024x683.jpg\" alt=\"\" class=\"wp-image-454\" srcset=\"https:\/\/lesateliersm.fr\/wp-content\/uploads\/2025\/04\/IMG_4375-1024x683.jpg 1024w, https:\/\/lesateliersm.fr\/wp-content\/uploads\/2025\/04\/IMG_4375-300x200.jpg 300w, https:\/\/lesateliersm.fr\/wp-content\/uploads\/2025\/04\/IMG_4375-2000x1333.jpg 2000w\" sizes=\"auto, (max-width: 1024px) 100vw, 1024px\" \/><\/figure>\n\n\n\n<figure class=\"wp-block-image size-large\"><img loading=\"lazy\" decoding=\"async\" width=\"1024\" height=\"683\" data-id=\"453\" src=\"https:\/\/lesateliersm.fr\/wp-content\/uploads\/2025\/04\/IMG_4379-1024x683.jpg\" alt=\"\" class=\"wp-image-453\" srcset=\"https:\/\/lesateliersm.fr\/wp-content\/uploads\/2025\/04\/IMG_4379-1024x683.jpg 1024w, https:\/\/lesateliersm.fr\/wp-content\/uploads\/2025\/04\/IMG_4379-300x200.jpg 300w, https:\/\/lesateliersm.fr\/wp-content\/uploads\/2025\/04\/IMG_4379-2000x1333.jpg 2000w\" sizes=\"auto, (max-width: 1024px) 100vw, 1024px\" \/><\/figure>\n\n\n\n<figure class=\"wp-block-image size-large\"><img loading=\"lazy\" decoding=\"async\" width=\"1024\" height=\"683\" data-id=\"455\" src=\"https:\/\/lesateliersm.fr\/wp-content\/uploads\/2025\/04\/IMG_4378-1024x683.jpg\" alt=\"\" class=\"wp-image-455\" srcset=\"https:\/\/lesateliersm.fr\/wp-content\/uploads\/2025\/04\/IMG_4378-1024x683.jpg 1024w, https:\/\/lesateliersm.fr\/wp-content\/uploads\/2025\/04\/IMG_4378-300x200.jpg 300w, https:\/\/lesateliersm.fr\/wp-content\/uploads\/2025\/04\/IMG_4378-2000x1333.jpg 2000w\" sizes=\"auto, (max-width: 1024px) 100vw, 1024px\" \/><\/figure>\n<\/figure>\n\n\n\n<div style=\"height:45px\" aria-hidden=\"true\" class=\"wp-block-spacer\"><\/div>\n\n\n\n<h2 class=\"wp-block-heading\">GRADUATION DAY GEM 2025<\/h2>\n\n\n\n<p>8 MARS 2025 | ALPEXPO &#8211; <strong>GRENOBLE<\/strong><br>Notre mission ? Cr\u00e9er des d\u00e9cors en tissu sur mesure de plus de 15m de long, repr\u00e9sentant les massifs environnants (Vercors, Chartreuse, Taillefert et Belledonne)<br>&#8211; Imaginer et installer des photocalls en lien avec la montagne<br>&#8211; Agencer les espaces de r\u00e9ceptions avec notre mobilier<br>&#8211; Habiller les assises, les bars, les stands et la sc\u00e8ne<\/p>\n\n\n\n<figure class=\"wp-block-gallery has-nested-images columns-default is-cropped wp-block-gallery-9 is-layout-flex wp-block-gallery-is-layout-flex\">\n<figure class=\"wp-block-image size-large\"><img loading=\"lazy\" decoding=\"async\" width=\"1024\" height=\"768\" data-id=\"448\" src=\"https:\/\/lesateliersm.fr\/wp-content\/uploads\/2025\/04\/20250306_194941-1024x768.jpg\" alt=\"\" class=\"wp-image-448\" srcset=\"https:\/\/lesateliersm.fr\/wp-content\/uploads\/2025\/04\/20250306_194941-1024x768.jpg 1024w, https:\/\/lesateliersm.fr\/wp-content\/uploads\/2025\/04\/20250306_194941-300x225.jpg 300w, https:\/\/lesateliersm.fr\/wp-content\/uploads\/2025\/04\/20250306_194941-2000x1500.jpg 2000w\" sizes=\"auto, (max-width: 1024px) 100vw, 1024px\" \/><\/figure>\n\n\n\n<figure class=\"wp-block-image size-large\"><img loading=\"lazy\" decoding=\"async\" width=\"1024\" height=\"768\" data-id=\"451\" src=\"https:\/\/lesateliersm.fr\/wp-content\/uploads\/2025\/04\/20250308_205926-1024x768.jpg\" alt=\"\" class=\"wp-image-451\" srcset=\"https:\/\/lesateliersm.fr\/wp-content\/uploads\/2025\/04\/20250308_205926-1024x768.jpg 1024w, https:\/\/lesateliersm.fr\/wp-content\/uploads\/2025\/04\/20250308_205926-300x225.jpg 300w, https:\/\/lesateliersm.fr\/wp-content\/uploads\/2025\/04\/20250308_205926-2000x1500.jpg 2000w\" sizes=\"auto, (max-width: 1024px) 100vw, 1024px\" \/><\/figure>\n\n\n\n<figure class=\"wp-block-image size-large\"><img loading=\"lazy\" decoding=\"async\" width=\"576\" height=\"1024\" data-id=\"449\" src=\"https:\/\/lesateliersm.fr\/wp-content\/uploads\/2025\/04\/IMG_1909-576x1024.jpeg\" alt=\"\" class=\"wp-image-449\" srcset=\"https:\/\/lesateliersm.fr\/wp-content\/uploads\/2025\/04\/IMG_1909-576x1024.jpeg 576w, https:\/\/lesateliersm.fr\/wp-content\/uploads\/2025\/04\/IMG_1909-169x300.jpeg 169w, https:\/\/lesateliersm.fr\/wp-content\/uploads\/2025\/04\/IMG_1909-2000x3556.jpeg 2000w, https:\/\/lesateliersm.fr\/wp-content\/uploads\/2025\/04\/IMG_1909-scaled.jpeg 1440w\" sizes=\"auto, (max-width: 576px) 100vw, 576px\" \/><\/figure>\n\n\n\n<figure class=\"wp-block-image size-large\"><img loading=\"lazy\" decoding=\"async\" width=\"1024\" height=\"768\" data-id=\"447\" src=\"https:\/\/lesateliersm.fr\/wp-content\/uploads\/2025\/04\/20250308_211007-1024x768.jpg\" alt=\"\" class=\"wp-image-447\" srcset=\"https:\/\/lesateliersm.fr\/wp-content\/uploads\/2025\/04\/20250308_211007-1024x768.jpg 1024w, https:\/\/lesateliersm.fr\/wp-content\/uploads\/2025\/04\/20250308_211007-300x225.jpg 300w, https:\/\/lesateliersm.fr\/wp-content\/uploads\/2025\/04\/20250308_211007-2000x1500.jpg 2000w\" sizes=\"auto, (max-width: 1024px) 100vw, 1024px\" \/><\/figure>\n<\/figure>\n\n\n\n<div style=\"height:45px\" aria-hidden=\"true\" class=\"wp-block-spacer\"><\/div>\n\n\n\n<h2 class=\"wp-block-heading\">MUR D&rsquo;ENTR\u00c9E &amp; ESPACE FOODCOURT &#8211; TECH&amp;FEST<\/h2>\n\n\n\n<p>5 &amp; 6 FEVRIER 2025 | ALPEXPO &#8211; <strong>GRENOBLE<\/strong><br>Notre mission ? &nbsp;Imaginer un habillage pour le mur d\u2019entr\u00e9e du salon, d\u00e9corer la structure et mettre en valeur la marque T&amp;F, permettre aux participants de capturer l&rsquo;instant et rendre convivial l\u2019espace food-court avec des fanions personnalis\u00e9s et les lustres osier.<\/p>\n\n\n\n<figure class=\"wp-block-gallery has-nested-images columns-default is-cropped wp-block-gallery-10 is-layout-flex wp-block-gallery-is-layout-flex\">\n<figure class=\"wp-block-image size-large\"><img loading=\"lazy\" decoding=\"async\" width=\"576\" height=\"1024\" data-id=\"430\" src=\"https:\/\/lesateliersm.fr\/wp-content\/uploads\/2025\/02\/image00015-1-576x1024.jpeg\" alt=\"\" class=\"wp-image-430\" srcset=\"https:\/\/lesateliersm.fr\/wp-content\/uploads\/2025\/02\/image00015-1-576x1024.jpeg 576w, https:\/\/lesateliersm.fr\/wp-content\/uploads\/2025\/02\/image00015-1-169x300.jpeg 169w, https:\/\/lesateliersm.fr\/wp-content\/uploads\/2025\/02\/image00015-1-2000x3556.jpeg 2000w, https:\/\/lesateliersm.fr\/wp-content\/uploads\/2025\/02\/image00015-1-scaled.jpeg 1440w\" sizes=\"auto, (max-width: 576px) 100vw, 576px\" \/><\/figure>\n\n\n\n<figure class=\"wp-block-image size-full\"><img loading=\"lazy\" decoding=\"async\" width=\"1707\" height=\"2560\" data-id=\"428\" src=\"http:\/\/lesateliersm.fr\/wp-content\/uploads\/2025\/02\/IMG_4195-1-scaled.jpg\" alt=\"\" class=\"wp-image-428\"\/><\/figure>\n\n\n\n<figure class=\"wp-block-image size-large\"><img loading=\"lazy\" decoding=\"async\" width=\"1440\" height=\"2560\" data-id=\"431\" src=\"https:\/\/lesateliersm.fr\/wp-content\/uploads\/2025\/02\/image00027-scaled.jpeg\" alt=\"\" class=\"wp-image-431\" srcset=\"https:\/\/lesateliersm.fr\/wp-content\/uploads\/2025\/02\/image00027-scaled.jpeg 1440w, https:\/\/lesateliersm.fr\/wp-content\/uploads\/2025\/02\/image00027-169x300.jpeg 169w\" sizes=\"auto, (max-width: 1440px) 100vw, 1440px\" \/><\/figure>\n\n\n\n<figure class=\"wp-block-image size-large\"><img loading=\"lazy\" decoding=\"async\" width=\"2560\" height=\"1920\" data-id=\"434\" src=\"https:\/\/lesateliersm.fr\/wp-content\/uploads\/2025\/02\/20250204_184814-edited-scaled.jpg\" alt=\"\" class=\"wp-image-434\" srcset=\"https:\/\/lesateliersm.fr\/wp-content\/uploads\/2025\/02\/20250204_184814-edited-scaled.jpg 2560w, https:\/\/lesateliersm.fr\/wp-content\/uploads\/2025\/02\/20250204_184814-edited-300x225.jpg 300w, https:\/\/lesateliersm.fr\/wp-content\/uploads\/2025\/02\/20250204_184814-edited-1024x768.jpg 1024w, https:\/\/lesateliersm.fr\/wp-content\/uploads\/2025\/02\/20250204_184814-edited-2000x1500.jpg 2000w\" sizes=\"auto, (max-width: 2560px) 100vw, 2560px\" \/><\/figure>\n\n\n\n<figure class=\"wp-block-image size-large\"><img loading=\"lazy\" decoding=\"async\" width=\"1024\" height=\"683\" data-id=\"433\" src=\"https:\/\/lesateliersm.fr\/wp-content\/uploads\/2025\/02\/IMG_4187-2-1024x683.jpg\" alt=\"\" class=\"wp-image-433\" srcset=\"https:\/\/lesateliersm.fr\/wp-content\/uploads\/2025\/02\/IMG_4187-2-1024x683.jpg 1024w, https:\/\/lesateliersm.fr\/wp-content\/uploads\/2025\/02\/IMG_4187-2-300x200.jpg 300w, https:\/\/lesateliersm.fr\/wp-content\/uploads\/2025\/02\/IMG_4187-2-2000x1333.jpg 2000w\" sizes=\"auto, (max-width: 1024px) 100vw, 1024px\" \/><\/figure>\n<\/figure>\n\n\n\n<div style=\"height:45px\" aria-hidden=\"true\" class=\"wp-block-spacer\"><\/div>\n\n\n\n<h2 class=\"wp-block-heading\">SOIR\u00c9E MGROUP 2025<\/h2>\n\n\n\n<p>30 JANVIER 2025 | Local MGROUP &#8211; <strong>SAINT-MARTIN-D&rsquo;HERES<\/strong><br>Notre mission ? Conceptualiser le th\u00eame \u00ab Sous les sunlights des tropiques \u00bb, D\u00e9corer notre parc en \u00e9laborant des espaces \u00e9ph\u00e9m\u00e8res : une entr\u00e9e en immersion dans la jungle, un photobooth au sein d\u2019une cabane d\u2019aventurier, un bar sous forme de paillotte et un espace plage. Et agencer les lieux.<\/p>\n\n\n\n<figure class=\"wp-block-gallery has-nested-images columns-default is-cropped wp-block-gallery-11 is-layout-flex wp-block-gallery-is-layout-flex\">\n<figure class=\"wp-block-image size-large\"><img loading=\"lazy\" decoding=\"async\" width=\"576\" height=\"1024\" data-id=\"417\" src=\"https:\/\/lesateliersm.fr\/wp-content\/uploads\/2025\/02\/image00040-576x1024.jpeg\" alt=\"\" class=\"wp-image-417\" srcset=\"https:\/\/lesateliersm.fr\/wp-content\/uploads\/2025\/02\/image00040-576x1024.jpeg 576w, https:\/\/lesateliersm.fr\/wp-content\/uploads\/2025\/02\/image00040-169x300.jpeg 169w, https:\/\/lesateliersm.fr\/wp-content\/uploads\/2025\/02\/image00040-2000x3556.jpeg 2000w, https:\/\/lesateliersm.fr\/wp-content\/uploads\/2025\/02\/image00040-scaled.jpeg 1440w\" sizes=\"auto, (max-width: 576px) 100vw, 576px\" \/><\/figure>\n\n\n\n<figure class=\"wp-block-image size-large\"><img loading=\"lazy\" decoding=\"async\" width=\"768\" height=\"1024\" data-id=\"419\" src=\"https:\/\/lesateliersm.fr\/wp-content\/uploads\/2025\/02\/20250130_190520-768x1024.jpg\" alt=\"\" class=\"wp-image-419\" srcset=\"https:\/\/lesateliersm.fr\/wp-content\/uploads\/2025\/02\/20250130_190520-768x1024.jpg 768w, https:\/\/lesateliersm.fr\/wp-content\/uploads\/2025\/02\/20250130_190520-225x300.jpg 225w, https:\/\/lesateliersm.fr\/wp-content\/uploads\/2025\/02\/20250130_190520-2000x2667.jpg 2000w, https:\/\/lesateliersm.fr\/wp-content\/uploads\/2025\/02\/20250130_190520-scaled.jpg 1920w\" sizes=\"auto, (max-width: 768px) 100vw, 768px\" \/><\/figure>\n\n\n\n<figure class=\"wp-block-image size-large\"><img loading=\"lazy\" decoding=\"async\" width=\"576\" height=\"1024\" data-id=\"416\" src=\"https:\/\/lesateliersm.fr\/wp-content\/uploads\/2025\/02\/image00053-576x1024.jpeg\" alt=\"\" class=\"wp-image-416\" srcset=\"https:\/\/lesateliersm.fr\/wp-content\/uploads\/2025\/02\/image00053-576x1024.jpeg 576w, https:\/\/lesateliersm.fr\/wp-content\/uploads\/2025\/02\/image00053-169x300.jpeg 169w, https:\/\/lesateliersm.fr\/wp-content\/uploads\/2025\/02\/image00053-scaled.jpeg 1440w\" sizes=\"auto, (max-width: 576px) 100vw, 576px\" \/><\/figure>\n\n\n\n<figure class=\"wp-block-image size-large\"><img loading=\"lazy\" decoding=\"async\" width=\"768\" height=\"1024\" data-id=\"418\" src=\"https:\/\/lesateliersm.fr\/wp-content\/uploads\/2025\/02\/20250130_191021-768x1024.jpg\" alt=\"\" class=\"wp-image-418\" srcset=\"https:\/\/lesateliersm.fr\/wp-content\/uploads\/2025\/02\/20250130_191021-768x1024.jpg 768w, https:\/\/lesateliersm.fr\/wp-content\/uploads\/2025\/02\/20250130_191021-225x300.jpg 225w, https:\/\/lesateliersm.fr\/wp-content\/uploads\/2025\/02\/20250130_191021-2000x2667.jpg 2000w, https:\/\/lesateliersm.fr\/wp-content\/uploads\/2025\/02\/20250130_191021-scaled.jpg 1920w\" sizes=\"auto, (max-width: 768px) 100vw, 768px\" \/><\/figure>\n\n\n\n<figure class=\"wp-block-image size-large\"><img loading=\"lazy\" decoding=\"async\" width=\"2560\" height=\"1707\" data-id=\"420\" src=\"https:\/\/lesateliersm.fr\/wp-content\/uploads\/2025\/02\/IMG_4048-scaled.jpg\" alt=\"\" class=\"wp-image-420\" srcset=\"https:\/\/lesateliersm.fr\/wp-content\/uploads\/2025\/02\/IMG_4048-scaled.jpg 2560w, https:\/\/lesateliersm.fr\/wp-content\/uploads\/2025\/02\/IMG_4048-300x200.jpg 300w\" sizes=\"auto, (max-width: 2560px) 100vw, 2560px\" \/><\/figure>\n<\/figure>\n\n\n\n<div style=\"height:45px\" aria-hidden=\"true\" class=\"wp-block-spacer\"><\/div>\n\n\n\n<div class=\"wp-block-group is-horizontal is-nowrap is-layout-flex wp-container-core-group-is-layout-edc3bc78 wp-block-group-is-layout-flex\">\n<div class=\"wp-block-group is-nowrap is-layout-flex wp-container-core-group-is-layout-6c531013 wp-block-group-is-layout-flex\">\n<h2 class=\"wp-block-heading\">SOIR\u00c9E PRIV\u00c9E &#8211; INSIGHT OUTSIGHT<\/h2>\n<\/div>\n\n\n\n<div style=\"height:45px;width:0px\" aria-hidden=\"true\" class=\"wp-block-spacer wp-container-content-95fa6ccb\"><\/div>\n<\/div>\n\n\n\n<p>5 D\u00c9CEMBRE 2024 | Stade des Alpes &#8211;<strong> GRENOBLE<\/strong><br>Notre mission ? &nbsp;Accompagner notre client sur la sc\u00e9narisation des espaces, cr\u00e9er deux univers \u00ab Un no\u00ebl \u00e0 la maison \u00bb et \u00ab Le froid d\u2019hiver \u00bb, agencer l\u2019ensemble des lieux pour allier d\u00e9coration et fonctionnalit\u00e9 du lieu.<\/p>\n\n\n\n<figure class=\"wp-block-gallery has-nested-images columns-default is-cropped wp-block-gallery-12 is-layout-flex wp-block-gallery-is-layout-flex\">\n<figure class=\"wp-block-image size-large\"><img loading=\"lazy\" decoding=\"async\" width=\"683\" height=\"1024\" data-id=\"378\" src=\"https:\/\/lesateliersm.fr\/wp-content\/uploads\/2024\/12\/IMG_4001-683x1024.jpg\" alt=\"\" class=\"wp-image-378\" srcset=\"https:\/\/lesateliersm.fr\/wp-content\/uploads\/2024\/12\/IMG_4001-683x1024.jpg 683w, https:\/\/lesateliersm.fr\/wp-content\/uploads\/2024\/12\/IMG_4001-200x300.jpg 200w, https:\/\/lesateliersm.fr\/wp-content\/uploads\/2024\/12\/IMG_4001-2000x3000.jpg 2000w, https:\/\/lesateliersm.fr\/wp-content\/uploads\/2024\/12\/IMG_4001-scaled.jpg 1707w\" sizes=\"auto, (max-width: 683px) 100vw, 683px\" \/><\/figure>\n\n\n\n<figure class=\"wp-block-image size-large\"><img loading=\"lazy\" decoding=\"async\" width=\"683\" height=\"1024\" data-id=\"379\" src=\"https:\/\/lesateliersm.fr\/wp-content\/uploads\/2024\/12\/IMG_3940-683x1024.jpg\" alt=\"\" class=\"wp-image-379\" srcset=\"https:\/\/lesateliersm.fr\/wp-content\/uploads\/2024\/12\/IMG_3940-683x1024.jpg 683w, https:\/\/lesateliersm.fr\/wp-content\/uploads\/2024\/12\/IMG_3940-200x300.jpg 200w, https:\/\/lesateliersm.fr\/wp-content\/uploads\/2024\/12\/IMG_3940-2000x3000.jpg 2000w, https:\/\/lesateliersm.fr\/wp-content\/uploads\/2024\/12\/IMG_3940-scaled.jpg 1707w\" sizes=\"auto, (max-width: 683px) 100vw, 683px\" \/><\/figure>\n\n\n\n<figure class=\"wp-block-image size-large\"><img loading=\"lazy\" decoding=\"async\" width=\"1707\" height=\"2560\" data-id=\"374\" src=\"https:\/\/lesateliersm.fr\/wp-content\/uploads\/2024\/12\/IMG_3967-scaled.jpg\" alt=\"\" class=\"wp-image-374\"\/><\/figure>\n\n\n\n<figure class=\"wp-block-image size-large\"><img loading=\"lazy\" decoding=\"async\" width=\"576\" height=\"1024\" data-id=\"376\" src=\"https:\/\/lesateliersm.fr\/wp-content\/uploads\/2024\/12\/image00004-576x1024.jpeg\" alt=\"\" class=\"wp-image-376\" srcset=\"https:\/\/lesateliersm.fr\/wp-content\/uploads\/2024\/12\/image00004-576x1024.jpeg 576w, https:\/\/lesateliersm.fr\/wp-content\/uploads\/2024\/12\/image00004-169x300.jpeg 169w, https:\/\/lesateliersm.fr\/wp-content\/uploads\/2024\/12\/image00004-scaled.jpeg 1440w\" sizes=\"auto, (max-width: 576px) 100vw, 576px\" \/><\/figure>\n\n\n\n<figure class=\"wp-block-image size-large\"><img loading=\"lazy\" decoding=\"async\" width=\"683\" height=\"1024\" data-id=\"377\" src=\"https:\/\/lesateliersm.fr\/wp-content\/uploads\/2024\/12\/IMG_3946-683x1024.jpg\" alt=\"\" class=\"wp-image-377\" srcset=\"https:\/\/lesateliersm.fr\/wp-content\/uploads\/2024\/12\/IMG_3946-683x1024.jpg 683w, https:\/\/lesateliersm.fr\/wp-content\/uploads\/2024\/12\/IMG_3946-200x300.jpg 200w, https:\/\/lesateliersm.fr\/wp-content\/uploads\/2024\/12\/IMG_3946-scaled.jpg 1707w\" sizes=\"auto, (max-width: 683px) 100vw, 683px\" \/><\/figure>\n\n\n\n<figure class=\"wp-block-image size-large\"><img loading=\"lazy\" decoding=\"async\" width=\"1707\" height=\"2560\" data-id=\"375\" src=\"https:\/\/lesateliersm.fr\/wp-content\/uploads\/2024\/12\/IMG_3985-scaled.jpg\" alt=\"\" class=\"wp-image-375\"\/><\/figure>\n<\/figure>\n\n\n\n<div style=\"height:45px\" aria-hidden=\"true\" class=\"wp-block-spacer\"><\/div>\n\n\n\n<h2 class=\"wp-block-heading\">S\u00c9MINAIRE DU D\u00c9PARTEMENT<\/h2>\n\n\n\n<p>8 NOVEMBRE 2024 | A\u00e9roport Grenoble-Is\u00e8re &#8211;<strong> SAINT-\u00c9TIENNE-DE-SAINT-GEOIRS<\/strong><br>Notre mission ? &nbsp;Cr\u00e9er et agencer une pl\u00e9ni\u00e8re dans le hall de l\u2019a\u00e9roport, concevoir un espace sc\u00e9nique, agencer des ateliers dans les salles d\u2019embarquement avec le mobilier pr\u00e9sent sur place.<\/p>\n\n\n\n<figure class=\"wp-block-gallery has-nested-images columns-default is-cropped wp-block-gallery-13 is-layout-flex wp-block-gallery-is-layout-flex\">\n<figure class=\"wp-block-image size-large\"><img loading=\"lazy\" decoding=\"async\" width=\"1024\" height=\"576\" data-id=\"372\" src=\"https:\/\/lesateliersm.fr\/wp-content\/uploads\/2024\/12\/image00029-1024x576.jpeg\" alt=\"\" class=\"wp-image-372\" srcset=\"https:\/\/lesateliersm.fr\/wp-content\/uploads\/2024\/12\/image00029-1024x576.jpeg 1024w, https:\/\/lesateliersm.fr\/wp-content\/uploads\/2024\/12\/image00029-300x169.jpeg 300w, https:\/\/lesateliersm.fr\/wp-content\/uploads\/2024\/12\/image00029-2000x1125.jpeg 2000w\" sizes=\"auto, (max-width: 1024px) 100vw, 1024px\" \/><\/figure>\n\n\n\n<figure class=\"wp-block-image size-large\"><img loading=\"lazy\" decoding=\"async\" width=\"1024\" height=\"576\" data-id=\"371\" src=\"https:\/\/lesateliersm.fr\/wp-content\/uploads\/2024\/12\/image00028-1024x576.jpeg\" alt=\"\" class=\"wp-image-371\" srcset=\"https:\/\/lesateliersm.fr\/wp-content\/uploads\/2024\/12\/image00028-1024x576.jpeg 1024w, https:\/\/lesateliersm.fr\/wp-content\/uploads\/2024\/12\/image00028-300x169.jpeg 300w, https:\/\/lesateliersm.fr\/wp-content\/uploads\/2024\/12\/image00028-2000x1125.jpeg 2000w\" sizes=\"auto, (max-width: 1024px) 100vw, 1024px\" \/><\/figure>\n\n\n\n<figure class=\"wp-block-image size-large\"><img loading=\"lazy\" decoding=\"async\" width=\"1024\" height=\"576\" data-id=\"370\" src=\"https:\/\/lesateliersm.fr\/wp-content\/uploads\/2024\/12\/image00015-1024x576.jpeg\" alt=\"\" class=\"wp-image-370\" srcset=\"https:\/\/lesateliersm.fr\/wp-content\/uploads\/2024\/12\/image00015-1024x576.jpeg 1024w, https:\/\/lesateliersm.fr\/wp-content\/uploads\/2024\/12\/image00015-300x169.jpeg 300w, https:\/\/lesateliersm.fr\/wp-content\/uploads\/2024\/12\/image00015-2000x1125.jpeg 2000w\" sizes=\"auto, (max-width: 1024px) 100vw, 1024px\" \/><\/figure>\n<\/figure>\n\n\n\n<div style=\"height:45px\" aria-hidden=\"true\" class=\"wp-block-spacer\"><\/div>\n\n\n\n<h2 class=\"wp-block-heading\">SALON DECIDIA<\/h2>\n\n\n\n<p>16 &amp; 17 OCTOBRE 2024 | Savoiexpo &#8211;<strong> CHAMB\u00c9RY<\/strong><br>Notre mission ? &nbsp;Conceptualisation d\u2019un stand commun pour 2 entreprises, sc\u00e9narisation du stand et installation du stand.<\/p>\n\n\n\n<figure class=\"wp-block-gallery has-nested-images columns-default is-cropped wp-block-gallery-14 is-layout-flex wp-block-gallery-is-layout-flex\">\n<figure class=\"wp-block-image size-large\"><img loading=\"lazy\" decoding=\"async\" width=\"1024\" height=\"683\" data-id=\"364\" src=\"https:\/\/lesateliersm.fr\/wp-content\/uploads\/2024\/12\/IMG_3683-1-1024x683.jpg\" alt=\"\" class=\"wp-image-364\" srcset=\"https:\/\/lesateliersm.fr\/wp-content\/uploads\/2024\/12\/IMG_3683-1-1024x683.jpg 1024w, https:\/\/lesateliersm.fr\/wp-content\/uploads\/2024\/12\/IMG_3683-1-300x200.jpg 300w, https:\/\/lesateliersm.fr\/wp-content\/uploads\/2024\/12\/IMG_3683-1-2000x1333.jpg 2000w\" sizes=\"auto, (max-width: 1024px) 100vw, 1024px\" \/><\/figure>\n\n\n\n<figure class=\"wp-block-image size-large\"><img loading=\"lazy\" decoding=\"async\" width=\"2560\" height=\"1707\" data-id=\"412\" src=\"https:\/\/lesateliersm.fr\/wp-content\/uploads\/2025\/01\/IMG_3695-edited-scaled.jpg\" alt=\"\" class=\"wp-image-412\" srcset=\"https:\/\/lesateliersm.fr\/wp-content\/uploads\/2025\/01\/IMG_3695-edited-scaled.jpg 2560w, https:\/\/lesateliersm.fr\/wp-content\/uploads\/2025\/01\/IMG_3695-edited-300x200.jpg 300w, https:\/\/lesateliersm.fr\/wp-content\/uploads\/2025\/01\/IMG_3695-edited-1024x683.jpg 1024w, https:\/\/lesateliersm.fr\/wp-content\/uploads\/2025\/01\/IMG_3695-edited-2000x1334.jpg 2000w\" sizes=\"auto, (max-width: 2560px) 100vw, 2560px\" \/><\/figure>\n\n\n\n<figure class=\"wp-block-image size-large\"><img loading=\"lazy\" decoding=\"async\" width=\"1024\" height=\"683\" data-id=\"367\" src=\"https:\/\/lesateliersm.fr\/wp-content\/uploads\/2024\/12\/IMG_3686-1024x683.jpg\" alt=\"\" class=\"wp-image-367\" srcset=\"https:\/\/lesateliersm.fr\/wp-content\/uploads\/2024\/12\/IMG_3686-1024x683.jpg 1024w, https:\/\/lesateliersm.fr\/wp-content\/uploads\/2024\/12\/IMG_3686-300x200.jpg 300w, https:\/\/lesateliersm.fr\/wp-content\/uploads\/2024\/12\/IMG_3686-2000x1333.jpg 2000w\" sizes=\"auto, (max-width: 1024px) 100vw, 1024px\" \/><\/figure>\n<\/figure>\n\n\n\n<div style=\"height:45px\" aria-hidden=\"true\" class=\"wp-block-spacer\"><\/div>\n\n\n\n<h2 class=\"wp-block-heading\">PR\u00c9SENTATION PORSCHE MACAN \u00c9LECTRIQUE<\/h2>\n\n\n\n<p>3 OCTOBRE 2024 | Le Phare &#8211;<strong> CHAMB\u00c9RY<\/strong><br>Notre mission ? &nbsp;Mise en place d\u2019\u00e9clairages d\u00e9coratifs sur une th\u00e9matique couleur impos\u00e9e, 2 espaces \u00e0 habiller : l\u2019entr\u00e9e des invit\u00e9s et la salle de r\u00e9ception.<\/p>\n\n\n\n<figure class=\"wp-block-gallery has-nested-images columns-default is-cropped wp-block-gallery-15 is-layout-flex wp-block-gallery-is-layout-flex\">\n<figure class=\"wp-block-image size-large\"><img loading=\"lazy\" decoding=\"async\" width=\"768\" height=\"1024\" data-id=\"361\" src=\"https:\/\/lesateliersm.fr\/wp-content\/uploads\/2024\/12\/20241003_184658-768x1024.jpg\" alt=\"\" class=\"wp-image-361\" srcset=\"https:\/\/lesateliersm.fr\/wp-content\/uploads\/2024\/12\/20241003_184658-768x1024.jpg 768w, https:\/\/lesateliersm.fr\/wp-content\/uploads\/2024\/12\/20241003_184658-225x300.jpg 225w, https:\/\/lesateliersm.fr\/wp-content\/uploads\/2024\/12\/20241003_184658-2000x2667.jpg 2000w, https:\/\/lesateliersm.fr\/wp-content\/uploads\/2024\/12\/20241003_184658-scaled.jpg 1920w\" sizes=\"auto, (max-width: 768px) 100vw, 768px\" \/><\/figure>\n\n\n\n<figure class=\"wp-block-image size-large\"><img loading=\"lazy\" decoding=\"async\" width=\"768\" height=\"1024\" data-id=\"362\" src=\"https:\/\/lesateliersm.fr\/wp-content\/uploads\/2024\/12\/20241003_212220-768x1024.jpg\" alt=\"\" class=\"wp-image-362\" srcset=\"https:\/\/lesateliersm.fr\/wp-content\/uploads\/2024\/12\/20241003_212220-768x1024.jpg 768w, https:\/\/lesateliersm.fr\/wp-content\/uploads\/2024\/12\/20241003_212220-225x300.jpg 225w, https:\/\/lesateliersm.fr\/wp-content\/uploads\/2024\/12\/20241003_212220-2000x2667.jpg 2000w, https:\/\/lesateliersm.fr\/wp-content\/uploads\/2024\/12\/20241003_212220-scaled.jpg 1920w\" sizes=\"auto, (max-width: 768px) 100vw, 768px\" \/><\/figure>\n\n\n\n<figure class=\"wp-block-image size-large\"><img loading=\"lazy\" decoding=\"async\" width=\"1024\" height=\"683\" data-id=\"360\" src=\"https:\/\/lesateliersm.fr\/wp-content\/uploads\/2024\/12\/1728288223436-1024x683.jpeg\" alt=\"\" class=\"wp-image-360\" srcset=\"https:\/\/lesateliersm.fr\/wp-content\/uploads\/2024\/12\/1728288223436-1024x683.jpeg 1024w, https:\/\/lesateliersm.fr\/wp-content\/uploads\/2024\/12\/1728288223436-300x200.jpeg 300w, https:\/\/lesateliersm.fr\/wp-content\/uploads\/2024\/12\/1728288223436.jpeg 1800w\" sizes=\"auto, (max-width: 1024px) 100vw, 1024px\" \/><\/figure>\n<\/figure>\n\n\n\n<p class=\"has-x-small-font-size\">\u00a9 Caroline MOUREAUX<\/p>\n\n\n\n<div style=\"height:45px\" aria-hidden=\"true\" class=\"wp-block-spacer\"><\/div>\n\n\n\n<h2 class=\"wp-block-heading\">30 ANS DE TERRITOIRE D&rsquo;\u00c9NERGIE<\/h2>\n\n\n\n<p>19 SEPTEMBRE 2024 | Ch\u00e2teau Louis XI &#8211;<strong> LA C\u00d4TE-SAINT-ANDR\u00c9<\/strong><br>Notre mission ? &nbsp;La conception et la cr\u00e9ation d\u2019un univers sc\u00e9nique en int\u00e9rieur et d&rsquo;un r\u00e9ceptif en ext\u00e9rieur.<\/p>\n\n\n\n<figure class=\"wp-block-gallery has-nested-images columns-default is-cropped wp-block-gallery-16 is-layout-flex wp-block-gallery-is-layout-flex\">\n<figure class=\"wp-block-image size-large\"><img loading=\"lazy\" decoding=\"async\" width=\"1024\" height=\"768\" data-id=\"356\" src=\"https:\/\/lesateliersm.fr\/wp-content\/uploads\/2024\/12\/20240919_204518-1024x768.jpg\" alt=\"\" class=\"wp-image-356\" srcset=\"https:\/\/lesateliersm.fr\/wp-content\/uploads\/2024\/12\/20240919_204518-1024x768.jpg 1024w, https:\/\/lesateliersm.fr\/wp-content\/uploads\/2024\/12\/20240919_204518-300x225.jpg 300w, https:\/\/lesateliersm.fr\/wp-content\/uploads\/2024\/12\/20240919_204518-2000x1500.jpg 2000w\" sizes=\"auto, (max-width: 1024px) 100vw, 1024px\" \/><\/figure>\n\n\n\n<figure class=\"wp-block-image size-large\"><img loading=\"lazy\" decoding=\"async\" width=\"2560\" height=\"1920\" data-id=\"354\" src=\"https:\/\/lesateliersm.fr\/wp-content\/uploads\/2024\/12\/20240919_154146-scaled.jpg\" alt=\"\" class=\"wp-image-354\" srcset=\"https:\/\/lesateliersm.fr\/wp-content\/uploads\/2024\/12\/20240919_154146-scaled.jpg 2560w, https:\/\/lesateliersm.fr\/wp-content\/uploads\/2024\/12\/20240919_154146-300x225.jpg 300w\" sizes=\"auto, (max-width: 2560px) 100vw, 2560px\" \/><\/figure>\n\n\n\n<figure class=\"wp-block-image size-large\"><img loading=\"lazy\" decoding=\"async\" width=\"1024\" height=\"768\" data-id=\"355\" src=\"https:\/\/lesateliersm.fr\/wp-content\/uploads\/2024\/12\/20240919_154120-1024x768.jpg\" alt=\"\" class=\"wp-image-355\" srcset=\"https:\/\/lesateliersm.fr\/wp-content\/uploads\/2024\/12\/20240919_154120-1024x768.jpg 1024w, https:\/\/lesateliersm.fr\/wp-content\/uploads\/2024\/12\/20240919_154120-300x225.jpg 300w, https:\/\/lesateliersm.fr\/wp-content\/uploads\/2024\/12\/20240919_154120-2000x1500.jpg 2000w\" sizes=\"auto, (max-width: 1024px) 100vw, 1024px\" \/><\/figure>\n<\/figure>\n\n\n\n<div style=\"height:45px\" aria-hidden=\"true\" class=\"wp-block-spacer\"><\/div>\n\n\n\n<h2 class=\"wp-block-heading\">DEFENDER EXPERIENCE<\/h2>\n\n\n\n<p>13, 14 &amp; 15  SEPTEMBRE 2024 | Ch\u00e2teau Chevalier Bayard &#8211;<strong> PONTCHARRA<\/strong><br>Notre mission ? &nbsp;Sc\u00e9nariser et d\u00e9corer un espace nomade ext\u00e9rieur.<\/p>\n\n\n\n<figure class=\"wp-block-gallery has-nested-images columns-default is-cropped wp-block-gallery-17 is-layout-flex wp-block-gallery-is-layout-flex\">\n<figure class=\"wp-block-image size-large\"><img loading=\"lazy\" decoding=\"async\" width=\"1024\" height=\"682\" data-id=\"357\" src=\"https:\/\/lesateliersm.fr\/wp-content\/uploads\/2024\/12\/19-1024x682.jpg\" alt=\"\" class=\"wp-image-357\" srcset=\"https:\/\/lesateliersm.fr\/wp-content\/uploads\/2024\/12\/19-1024x682.jpg 1024w, https:\/\/lesateliersm.fr\/wp-content\/uploads\/2024\/12\/19-300x200.jpg 300w, https:\/\/lesateliersm.fr\/wp-content\/uploads\/2024\/12\/19.jpg 1100w\" sizes=\"auto, (max-width: 1024px) 100vw, 1024px\" \/><\/figure>\n\n\n\n<figure class=\"wp-block-image size-large\"><img loading=\"lazy\" decoding=\"async\" width=\"1024\" height=\"682\" data-id=\"359\" src=\"https:\/\/lesateliersm.fr\/wp-content\/uploads\/2024\/12\/50-1024x682.jpg\" alt=\"\" class=\"wp-image-359\" srcset=\"https:\/\/lesateliersm.fr\/wp-content\/uploads\/2024\/12\/50-1024x682.jpg 1024w, https:\/\/lesateliersm.fr\/wp-content\/uploads\/2024\/12\/50-300x200.jpg 300w, https:\/\/lesateliersm.fr\/wp-content\/uploads\/2024\/12\/50.jpg 1100w\" sizes=\"auto, (max-width: 1024px) 100vw, 1024px\" \/><\/figure>\n\n\n\n<figure class=\"wp-block-image size-large\"><img loading=\"lazy\" decoding=\"async\" width=\"1024\" height=\"682\" data-id=\"358\" src=\"https:\/\/lesateliersm.fr\/wp-content\/uploads\/2024\/12\/100-1024x682.jpg\" alt=\"\" class=\"wp-image-358\" srcset=\"https:\/\/lesateliersm.fr\/wp-content\/uploads\/2024\/12\/100-1024x682.jpg 1024w, https:\/\/lesateliersm.fr\/wp-content\/uploads\/2024\/12\/100-300x200.jpg 300w, https:\/\/lesateliersm.fr\/wp-content\/uploads\/2024\/12\/100.jpg 1100w\" sizes=\"auto, (max-width: 1024px) 100vw, 1024px\" \/><\/figure>\n<\/figure>\n\n\n\n<p class=\"has-x-small-font-size\">\u00a9Jules JOUAUX<\/p>\n\n\n\n<div style=\"height:45px\" aria-hidden=\"true\" class=\"wp-block-spacer\"><\/div>\n\n\n\n<h2 class=\"wp-block-heading\">TROPH\u00c9ES DES SPORTIFS<\/h2>\n\n\n\n<p>20 JUIN 2024 | L&rsquo;Aquarium &#8211;<strong> AIX-LES-BAINS<\/strong><br>Notre mission ? &nbsp;Sc\u00e9nographie de sc\u00e8ne, son, lumi\u00e8re &amp; agencement des espaces.<\/p>\n\n\n\n<figure class=\"wp-block-gallery has-nested-images columns-default is-cropped wp-block-gallery-18 is-layout-flex wp-block-gallery-is-layout-flex\">\n<figure class=\"wp-block-image size-large\"><img loading=\"lazy\" decoding=\"async\" width=\"1024\" height=\"768\" data-id=\"218\" src=\"https:\/\/lesateliersm.fr\/wp-content\/uploads\/2024\/08\/20240620_212258-1024x768.jpg\" alt=\"\" class=\"wp-image-218\" srcset=\"https:\/\/lesateliersm.fr\/wp-content\/uploads\/2024\/08\/20240620_212258-1024x768.jpg 1024w, https:\/\/lesateliersm.fr\/wp-content\/uploads\/2024\/08\/20240620_212258-300x225.jpg 300w, https:\/\/lesateliersm.fr\/wp-content\/uploads\/2024\/08\/20240620_212258-768x576.jpg 768w, https:\/\/lesateliersm.fr\/wp-content\/uploads\/2024\/08\/20240620_212258-1536x1152.jpg 1536w, https:\/\/lesateliersm.fr\/wp-content\/uploads\/2024\/08\/20240620_212258-2048x1536.jpg 2048w, https:\/\/lesateliersm.fr\/wp-content\/uploads\/2024\/08\/20240620_212258-1440x1080.jpg 1440w, https:\/\/lesateliersm.fr\/wp-content\/uploads\/2024\/08\/20240620_212258-scaled-2000x1500.jpg 2000w\" sizes=\"auto, (max-width: 1024px) 100vw, 1024px\" \/><\/figure>\n\n\n\n<figure class=\"wp-block-image size-large\"><img loading=\"lazy\" decoding=\"async\" width=\"1024\" height=\"768\" data-id=\"217\" src=\"https:\/\/lesateliersm.fr\/wp-content\/uploads\/2024\/08\/20240620_205927-1024x768.jpg\" alt=\"\" class=\"wp-image-217\" srcset=\"https:\/\/lesateliersm.fr\/wp-content\/uploads\/2024\/08\/20240620_205927-1024x768.jpg 1024w, https:\/\/lesateliersm.fr\/wp-content\/uploads\/2024\/08\/20240620_205927-300x225.jpg 300w, https:\/\/lesateliersm.fr\/wp-content\/uploads\/2024\/08\/20240620_205927-768x576.jpg 768w, https:\/\/lesateliersm.fr\/wp-content\/uploads\/2024\/08\/20240620_205927-1536x1152.jpg 1536w, https:\/\/lesateliersm.fr\/wp-content\/uploads\/2024\/08\/20240620_205927-2048x1536.jpg 2048w, https:\/\/lesateliersm.fr\/wp-content\/uploads\/2024\/08\/20240620_205927-1440x1080.jpg 1440w\" sizes=\"auto, (max-width: 1024px) 100vw, 1024px\" \/><\/figure>\n\n\n\n<figure class=\"wp-block-image size-large\"><img loading=\"lazy\" decoding=\"async\" width=\"768\" height=\"1024\" data-id=\"216\" src=\"https:\/\/lesateliersm.fr\/wp-content\/uploads\/2024\/08\/20240620_180851-768x1024.jpg\" alt=\"\" class=\"wp-image-216\" srcset=\"https:\/\/lesateliersm.fr\/wp-content\/uploads\/2024\/08\/20240620_180851-768x1024.jpg 768w, https:\/\/lesateliersm.fr\/wp-content\/uploads\/2024\/08\/20240620_180851-225x300.jpg 225w, https:\/\/lesateliersm.fr\/wp-content\/uploads\/2024\/08\/20240620_180851-1152x1536.jpg 1152w, https:\/\/lesateliersm.fr\/wp-content\/uploads\/2024\/08\/20240620_180851-1536x2048.jpg 1536w, https:\/\/lesateliersm.fr\/wp-content\/uploads\/2024\/08\/20240620_180851-810x1080.jpg 810w, https:\/\/lesateliersm.fr\/wp-content\/uploads\/2024\/08\/20240620_180851-scaled.jpg 1920w\" sizes=\"auto, (max-width: 768px) 100vw, 768px\" \/><\/figure>\n<\/figure>\n\n\n\n<div style=\"height:45px\" aria-hidden=\"true\" class=\"wp-block-spacer\"><\/div>\n\n\n\n<h2 class=\"wp-block-heading\">PLAN\u00c8TE K<\/h2>\n\n\n\n<p>15 JUIN 2024 | <strong>L&rsquo;ALPE D&rsquo;HUEZ<\/strong><br>Notre mission ? Sc\u00e9nographier et d\u00e9corer l&rsquo;\u00e9v\u00e9nement.<\/p>\n\n\n\n<figure class=\"wp-block-gallery has-nested-images columns-default is-cropped wp-block-gallery-19 is-layout-flex wp-block-gallery-is-layout-flex\">\n<figure class=\"wp-block-image size-large\"><img loading=\"lazy\" decoding=\"async\" width=\"1024\" height=\"768\" data-id=\"206\" src=\"https:\/\/lesateliersm.fr\/wp-content\/uploads\/2024\/08\/20240614_223437-1024x768.jpg\" alt=\"\" class=\"wp-image-206\" srcset=\"https:\/\/lesateliersm.fr\/wp-content\/uploads\/2024\/08\/20240614_223437-1024x768.jpg 1024w, https:\/\/lesateliersm.fr\/wp-content\/uploads\/2024\/08\/20240614_223437-300x225.jpg 300w, https:\/\/lesateliersm.fr\/wp-content\/uploads\/2024\/08\/20240614_223437-768x576.jpg 768w, https:\/\/lesateliersm.fr\/wp-content\/uploads\/2024\/08\/20240614_223437-1536x1152.jpg 1536w, https:\/\/lesateliersm.fr\/wp-content\/uploads\/2024\/08\/20240614_223437-2048x1536.jpg 2048w, https:\/\/lesateliersm.fr\/wp-content\/uploads\/2024\/08\/20240614_223437-1440x1080.jpg 1440w\" sizes=\"auto, (max-width: 1024px) 100vw, 1024px\" \/><\/figure>\n\n\n\n<figure class=\"wp-block-image size-large\"><img loading=\"lazy\" decoding=\"async\" width=\"1024\" height=\"768\" data-id=\"209\" src=\"https:\/\/lesateliersm.fr\/wp-content\/uploads\/2024\/08\/20240615_215111-1024x768.jpg\" alt=\"\" class=\"wp-image-209\" srcset=\"https:\/\/lesateliersm.fr\/wp-content\/uploads\/2024\/08\/20240615_215111-1024x768.jpg 1024w, https:\/\/lesateliersm.fr\/wp-content\/uploads\/2024\/08\/20240615_215111-300x225.jpg 300w, https:\/\/lesateliersm.fr\/wp-content\/uploads\/2024\/08\/20240615_215111-768x576.jpg 768w, https:\/\/lesateliersm.fr\/wp-content\/uploads\/2024\/08\/20240615_215111-1536x1152.jpg 1536w, https:\/\/lesateliersm.fr\/wp-content\/uploads\/2024\/08\/20240615_215111-2048x1536.jpg 2048w, https:\/\/lesateliersm.fr\/wp-content\/uploads\/2024\/08\/20240615_215111-1440x1080.jpg 1440w\" sizes=\"auto, (max-width: 1024px) 100vw, 1024px\" \/><\/figure>\n<\/figure>\n\n\n\n<div style=\"height:45px\" aria-hidden=\"true\" class=\"wp-block-spacer\"><\/div>\n\n\n\n<h2 class=\"wp-block-heading\">F\u00caTES DES TUILES<\/h2>\n\n\n\n<p>8 JUIN 2024 | <strong>GRENOBLE<\/strong><br>Notre mission ? Cr\u00e9ation d&rsquo;espace ombrag\u00e9, couverture fantaisie des sc\u00e8nes et couverture du bar.<\/p>\n\n\n\n<figure class=\"wp-block-gallery has-nested-images columns-default is-cropped wp-block-gallery-20 is-layout-flex wp-block-gallery-is-layout-flex\">\n<figure class=\"wp-block-image size-large\"><img loading=\"lazy\" decoding=\"async\" width=\"768\" height=\"1024\" data-id=\"337\" src=\"https:\/\/lesateliersm.fr\/wp-content\/uploads\/2024\/12\/20240608_110557-768x1024.jpg\" alt=\"\" class=\"wp-image-337\" srcset=\"https:\/\/lesateliersm.fr\/wp-content\/uploads\/2024\/12\/20240608_110557-768x1024.jpg 768w, https:\/\/lesateliersm.fr\/wp-content\/uploads\/2024\/12\/20240608_110557-225x300.jpg 225w, https:\/\/lesateliersm.fr\/wp-content\/uploads\/2024\/12\/20240608_110557-2000x2667.jpg 2000w, https:\/\/lesateliersm.fr\/wp-content\/uploads\/2024\/12\/20240608_110557-scaled.jpg 1920w\" sizes=\"auto, (max-width: 768px) 100vw, 768px\" \/><\/figure>\n\n\n\n<figure class=\"wp-block-image size-large\"><img loading=\"lazy\" decoding=\"async\" width=\"768\" height=\"1024\" data-id=\"342\" src=\"https:\/\/lesateliersm.fr\/wp-content\/uploads\/2024\/12\/20240608_110125-768x1024.jpg\" alt=\"\" class=\"wp-image-342\" srcset=\"https:\/\/lesateliersm.fr\/wp-content\/uploads\/2024\/12\/20240608_110125-768x1024.jpg 768w, https:\/\/lesateliersm.fr\/wp-content\/uploads\/2024\/12\/20240608_110125-225x300.jpg 225w, https:\/\/lesateliersm.fr\/wp-content\/uploads\/2024\/12\/20240608_110125-2000x2667.jpg 2000w, https:\/\/lesateliersm.fr\/wp-content\/uploads\/2024\/12\/20240608_110125-scaled.jpg 1920w\" sizes=\"auto, (max-width: 768px) 100vw, 768px\" \/><\/figure>\n\n\n\n<figure class=\"wp-block-image size-large\"><img loading=\"lazy\" decoding=\"async\" width=\"1024\" height=\"461\" data-id=\"339\" src=\"https:\/\/lesateliersm.fr\/wp-content\/uploads\/2024\/12\/IMG_20240611_123925-1-1024x461.jpg\" alt=\"\" class=\"wp-image-339\" srcset=\"https:\/\/lesateliersm.fr\/wp-content\/uploads\/2024\/12\/IMG_20240611_123925-1-1024x461.jpg 1024w, https:\/\/lesateliersm.fr\/wp-content\/uploads\/2024\/12\/IMG_20240611_123925-1-300x135.jpg 300w, https:\/\/lesateliersm.fr\/wp-content\/uploads\/2024\/12\/IMG_20240611_123925-1.jpg 1598w\" sizes=\"auto, (max-width: 1024px) 100vw, 1024px\" \/><\/figure>\n<\/figure>\n\n\n\n<div style=\"height:45px\" aria-hidden=\"true\" class=\"wp-block-spacer\"><\/div>\n\n\n\n<h2 class=\"wp-block-heading\">SOIR\u00c9E MOUTAIN PLANET<\/h2>\n\n\n\n<p>9 AVRIL 2024 | LE SUMMUM &#8211;<strong> GRENOBLE<\/strong><br>Notre mission ? Agencer l&rsquo;espace, habiller des contours et installer des Tweelux.<\/p>\n\n\n\n<figure class=\"wp-block-gallery has-nested-images columns-default is-cropped wp-block-gallery-21 is-layout-flex wp-block-gallery-is-layout-flex\">\n<figure class=\"wp-block-image size-large\"><img loading=\"lazy\" decoding=\"async\" width=\"1024\" height=\"768\" data-id=\"347\" src=\"https:\/\/lesateliersm.fr\/wp-content\/uploads\/2024\/12\/20240416_144249_1-1024x768.jpg\" alt=\"\" class=\"wp-image-347\" srcset=\"https:\/\/lesateliersm.fr\/wp-content\/uploads\/2024\/12\/20240416_144249_1-1024x768.jpg 1024w, https:\/\/lesateliersm.fr\/wp-content\/uploads\/2024\/12\/20240416_144249_1-300x225.jpg 300w, https:\/\/lesateliersm.fr\/wp-content\/uploads\/2024\/12\/20240416_144249_1-2000x1500.jpg 2000w\" sizes=\"auto, (max-width: 1024px) 100vw, 1024px\" \/><\/figure>\n\n\n\n<figure class=\"wp-block-image size-large\"><img loading=\"lazy\" decoding=\"async\" width=\"1024\" height=\"768\" data-id=\"349\" src=\"https:\/\/lesateliersm.fr\/wp-content\/uploads\/2024\/12\/20240416_144341_1-1024x768.jpg\" alt=\"\" class=\"wp-image-349\" srcset=\"https:\/\/lesateliersm.fr\/wp-content\/uploads\/2024\/12\/20240416_144341_1-1024x768.jpg 1024w, https:\/\/lesateliersm.fr\/wp-content\/uploads\/2024\/12\/20240416_144341_1-300x225.jpg 300w, https:\/\/lesateliersm.fr\/wp-content\/uploads\/2024\/12\/20240416_144341_1-2000x1500.jpg 2000w\" sizes=\"auto, (max-width: 1024px) 100vw, 1024px\" \/><\/figure>\n<\/figure>\n\n\n\n<div style=\"height:45px\" aria-hidden=\"true\" class=\"wp-block-spacer\"><\/div>\n\n\n\n<h2 class=\"wp-block-heading\">CONCERT SYMPHONIQUE DE JOE HISAISHI<\/h2>\n\n\n\n<p>6 &amp; 7 AVRIL 2024 | <strong>PARIS LA D\u00c9FENSE ARENA<\/strong><br>Notre mission ? Habiller le fond de sc\u00e8ne et la sc\u00e8ne.<\/p>\n\n\n\n<figure class=\"wp-block-gallery has-nested-images columns-default is-cropped wp-block-gallery-22 is-layout-flex wp-block-gallery-is-layout-flex\">\n<figure class=\"wp-block-image size-large\"><img loading=\"lazy\" decoding=\"async\" width=\"1024\" height=\"683\" data-id=\"18\" src=\"https:\/\/lesateliersm.fr\/wp-content\/uploads\/2024\/08\/Joe-Hisaishi-credit-photos-Apoline-CORNUET-5-1024x683.jpg\" alt=\"\" class=\"wp-image-18\" srcset=\"https:\/\/lesateliersm.fr\/wp-content\/uploads\/2024\/08\/Joe-Hisaishi-credit-photos-Apoline-CORNUET-5-1024x683.jpg 1024w, https:\/\/lesateliersm.fr\/wp-content\/uploads\/2024\/08\/Joe-Hisaishi-credit-photos-Apoline-CORNUET-5-300x200.jpg 300w, https:\/\/lesateliersm.fr\/wp-content\/uploads\/2024\/08\/Joe-Hisaishi-credit-photos-Apoline-CORNUET-5-768x512.jpg 768w, https:\/\/lesateliersm.fr\/wp-content\/uploads\/2024\/08\/Joe-Hisaishi-credit-photos-Apoline-CORNUET-5-1536x1024.jpg 1536w, https:\/\/lesateliersm.fr\/wp-content\/uploads\/2024\/08\/Joe-Hisaishi-credit-photos-Apoline-CORNUET-5.jpg 2048w\" sizes=\"auto, (max-width: 1024px) 100vw, 1024px\" \/><\/figure>\n\n\n\n<figure class=\"wp-block-image size-large\"><img loading=\"lazy\" decoding=\"async\" width=\"1024\" height=\"683\" data-id=\"21\" src=\"https:\/\/lesateliersm.fr\/wp-content\/uploads\/2024\/08\/Joe-Hisaishi-credit-photos-Apoline-CORNUET-8-1024x683.jpg\" alt=\"\" class=\"wp-image-21\" srcset=\"https:\/\/lesateliersm.fr\/wp-content\/uploads\/2024\/08\/Joe-Hisaishi-credit-photos-Apoline-CORNUET-8-1024x683.jpg 1024w, https:\/\/lesateliersm.fr\/wp-content\/uploads\/2024\/08\/Joe-Hisaishi-credit-photos-Apoline-CORNUET-8-300x200.jpg 300w, https:\/\/lesateliersm.fr\/wp-content\/uploads\/2024\/08\/Joe-Hisaishi-credit-photos-Apoline-CORNUET-8-768x512.jpg 768w, https:\/\/lesateliersm.fr\/wp-content\/uploads\/2024\/08\/Joe-Hisaishi-credit-photos-Apoline-CORNUET-8-1536x1024.jpg 1536w, https:\/\/lesateliersm.fr\/wp-content\/uploads\/2024\/08\/Joe-Hisaishi-credit-photos-Apoline-CORNUET-8.jpg 2048w\" sizes=\"auto, (max-width: 1024px) 100vw, 1024px\" \/><\/figure>\n\n\n\n<figure class=\"wp-block-image size-large\"><img loading=\"lazy\" decoding=\"async\" width=\"1024\" height=\"683\" data-id=\"336\" src=\"https:\/\/lesateliersm.fr\/wp-content\/uploads\/2024\/12\/Joe-Hisaishi-credit-photos-Apoline-CORNUET-10-1024x683.jpg\" alt=\"\" class=\"wp-image-336\" srcset=\"https:\/\/lesateliersm.fr\/wp-content\/uploads\/2024\/12\/Joe-Hisaishi-credit-photos-Apoline-CORNUET-10-1024x683.jpg 1024w, https:\/\/lesateliersm.fr\/wp-content\/uploads\/2024\/12\/Joe-Hisaishi-credit-photos-Apoline-CORNUET-10-300x200.jpg 300w, https:\/\/lesateliersm.fr\/wp-content\/uploads\/2024\/12\/Joe-Hisaishi-credit-photos-Apoline-CORNUET-10-2000x1333.jpg 2000w, https:\/\/lesateliersm.fr\/wp-content\/uploads\/2024\/12\/Joe-Hisaishi-credit-photos-Apoline-CORNUET-10.jpg 2048w\" sizes=\"auto, (max-width: 1024px) 100vw, 1024px\" \/><\/figure>\n<\/figure>\n\n\n\n<p class=\"has-x-small-font-size\">\u00a9Apoline CORNUET<\/p>\n\n\n\n<div style=\"height:45px\" aria-hidden=\"true\" class=\"wp-block-spacer\"><\/div>\n\n\n\n<h2 class=\"wp-block-heading\">COCA-COLA TOMORROWLAND WINTER 2024<\/h2>\n\n\n\n<p>20 &amp; 21 MARS 2024 | <strong>L&rsquo;ALPE D&rsquo;HUEZ<\/strong><br>Notre mission ? Pose de moquette, stickage, installation du mobilier int\u00e9rieur &amp; habillage de la structure ext\u00e9rieure.<\/p>\n\n\n\n<figure class=\"wp-block-gallery has-nested-images columns-default is-cropped wp-block-gallery-23 is-layout-flex wp-block-gallery-is-layout-flex\">\n<figure class=\"wp-block-image size-large\"><img loading=\"lazy\" decoding=\"async\" width=\"1024\" height=\"768\" data-id=\"311\" src=\"https:\/\/lesateliersm.fr\/wp-content\/uploads\/2024\/12\/20240320_110119-1024x768.jpg\" alt=\"\" class=\"wp-image-311\" srcset=\"https:\/\/lesateliersm.fr\/wp-content\/uploads\/2024\/12\/20240320_110119-1024x768.jpg 1024w, https:\/\/lesateliersm.fr\/wp-content\/uploads\/2024\/12\/20240320_110119-300x225.jpg 300w, https:\/\/lesateliersm.fr\/wp-content\/uploads\/2024\/12\/20240320_110119-2000x1500.jpg 2000w\" sizes=\"auto, (max-width: 1024px) 100vw, 1024px\" \/><\/figure>\n\n\n\n<figure class=\"wp-block-image size-large\"><img loading=\"lazy\" decoding=\"async\" width=\"1024\" height=\"768\" data-id=\"312\" src=\"https:\/\/lesateliersm.fr\/wp-content\/uploads\/2024\/12\/20240320_121448-1024x768.jpg\" alt=\"\" class=\"wp-image-312\" srcset=\"https:\/\/lesateliersm.fr\/wp-content\/uploads\/2024\/12\/20240320_121448-1024x768.jpg 1024w, https:\/\/lesateliersm.fr\/wp-content\/uploads\/2024\/12\/20240320_121448-300x225.jpg 300w, https:\/\/lesateliersm.fr\/wp-content\/uploads\/2024\/12\/20240320_121448-2000x1500.jpg 2000w\" sizes=\"auto, (max-width: 1024px) 100vw, 1024px\" \/><\/figure>\n<\/figure>\n\n\n\n<div style=\"height:45px\" aria-hidden=\"true\" class=\"wp-block-spacer\"><\/div>\n\n\n\n<h2 class=\"wp-block-heading\">SOIR\u00c9E MGROUP 2024<\/h2>\n\n\n\n<p>8 F\u00c9VRIER 2024 | Local MGROUP &#8211; <strong><strong>SAINT-MARTIN-D&rsquo;HERES<\/strong><\/strong> <br>Notre mission ? Conceptualiser la th\u00e9matique \u00ab\u00a0La montagne, \u00e7a vous gagne !\u00a0\u00bb, habiller les lieux, agencer les espaces et fournir du mobilier.<\/p>\n\n\n\n<figure class=\"wp-block-gallery has-nested-images columns-default is-cropped wp-block-gallery-24 is-layout-flex wp-block-gallery-is-layout-flex\">\n<figure class=\"wp-block-image size-large\"><img loading=\"lazy\" decoding=\"async\" width=\"768\" height=\"1024\" data-id=\"29\" src=\"https:\/\/lesateliersm.fr\/wp-content\/uploads\/2024\/08\/Soiree-Mgroup-2024-LES-ATELIERS-M-1-768x1024.jpg\" alt=\"\" class=\"wp-image-29\" srcset=\"https:\/\/lesateliersm.fr\/wp-content\/uploads\/2024\/08\/Soiree-Mgroup-2024-LES-ATELIERS-M-1-768x1024.jpg 768w, https:\/\/lesateliersm.fr\/wp-content\/uploads\/2024\/08\/Soiree-Mgroup-2024-LES-ATELIERS-M-1-225x300.jpg 225w, https:\/\/lesateliersm.fr\/wp-content\/uploads\/2024\/08\/Soiree-Mgroup-2024-LES-ATELIERS-M-1-1152x1536.jpg 1152w, https:\/\/lesateliersm.fr\/wp-content\/uploads\/2024\/08\/Soiree-Mgroup-2024-LES-ATELIERS-M-1.jpg 1512w\" sizes=\"auto, (max-width: 768px) 100vw, 768px\" \/><\/figure>\n\n\n\n<figure class=\"wp-block-image size-large\"><img loading=\"lazy\" decoding=\"async\" width=\"1024\" height=\"768\" data-id=\"33\" src=\"https:\/\/lesateliersm.fr\/wp-content\/uploads\/2024\/08\/Soiree-Mgroup-2024-LES-ATELIERS-M-5-1024x768.jpg\" alt=\"\" class=\"wp-image-33\" srcset=\"https:\/\/lesateliersm.fr\/wp-content\/uploads\/2024\/08\/Soiree-Mgroup-2024-LES-ATELIERS-M-5-1024x768.jpg 1024w, https:\/\/lesateliersm.fr\/wp-content\/uploads\/2024\/08\/Soiree-Mgroup-2024-LES-ATELIERS-M-5-300x225.jpg 300w, https:\/\/lesateliersm.fr\/wp-content\/uploads\/2024\/08\/Soiree-Mgroup-2024-LES-ATELIERS-M-5-768x576.jpg 768w, https:\/\/lesateliersm.fr\/wp-content\/uploads\/2024\/08\/Soiree-Mgroup-2024-LES-ATELIERS-M-5-1536x1152.jpg 1536w, https:\/\/lesateliersm.fr\/wp-content\/uploads\/2024\/08\/Soiree-Mgroup-2024-LES-ATELIERS-M-5-2000x1500.jpg 2000w, https:\/\/lesateliersm.fr\/wp-content\/uploads\/2024\/08\/Soiree-Mgroup-2024-LES-ATELIERS-M-5.jpg 2016w\" sizes=\"auto, (max-width: 1024px) 100vw, 1024px\" \/><\/figure>\n\n\n\n<figure class=\"wp-block-image size-large\"><img loading=\"lazy\" decoding=\"async\" width=\"1024\" height=\"768\" data-id=\"35\" src=\"https:\/\/lesateliersm.fr\/wp-content\/uploads\/2024\/08\/Soiree-Mgroup-2024-LES-ATELIERS-M-7-1024x768.jpg\" alt=\"\" class=\"wp-image-35\" srcset=\"https:\/\/lesateliersm.fr\/wp-content\/uploads\/2024\/08\/Soiree-Mgroup-2024-LES-ATELIERS-M-7-1024x768.jpg 1024w, https:\/\/lesateliersm.fr\/wp-content\/uploads\/2024\/08\/Soiree-Mgroup-2024-LES-ATELIERS-M-7-300x225.jpg 300w, https:\/\/lesateliersm.fr\/wp-content\/uploads\/2024\/08\/Soiree-Mgroup-2024-LES-ATELIERS-M-7-768x576.jpg 768w, https:\/\/lesateliersm.fr\/wp-content\/uploads\/2024\/08\/Soiree-Mgroup-2024-LES-ATELIERS-M-7-1536x1152.jpg 1536w, https:\/\/lesateliersm.fr\/wp-content\/uploads\/2024\/08\/Soiree-Mgroup-2024-LES-ATELIERS-M-7.jpg 2016w\" sizes=\"auto, (max-width: 1024px) 100vw, 1024px\" \/><\/figure>\n\n\n\n<figure class=\"wp-block-image size-large\"><img loading=\"lazy\" decoding=\"async\" width=\"1024\" height=\"768\" data-id=\"31\" src=\"https:\/\/lesateliersm.fr\/wp-content\/uploads\/2024\/08\/Soiree-Mgroup-2024-LES-ATELIERS-M-3-1024x768.jpg\" alt=\"\" class=\"wp-image-31\" srcset=\"https:\/\/lesateliersm.fr\/wp-content\/uploads\/2024\/08\/Soiree-Mgroup-2024-LES-ATELIERS-M-3-1024x768.jpg 1024w, https:\/\/lesateliersm.fr\/wp-content\/uploads\/2024\/08\/Soiree-Mgroup-2024-LES-ATELIERS-M-3-300x225.jpg 300w, https:\/\/lesateliersm.fr\/wp-content\/uploads\/2024\/08\/Soiree-Mgroup-2024-LES-ATELIERS-M-3-768x576.jpg 768w, https:\/\/lesateliersm.fr\/wp-content\/uploads\/2024\/08\/Soiree-Mgroup-2024-LES-ATELIERS-M-3-1536x1152.jpg 1536w, https:\/\/lesateliersm.fr\/wp-content\/uploads\/2024\/08\/Soiree-Mgroup-2024-LES-ATELIERS-M-3.jpg 2000w\" sizes=\"auto, (max-width: 1024px) 100vw, 1024px\" \/><\/figure>\n<\/figure>\n\n\n\n<div style=\"height:45px\" aria-hidden=\"true\" class=\"wp-block-spacer\"><\/div>\n\n\n\n<h2 class=\"wp-block-heading\">GALA GEM 2024<\/h2>\n\n\n\n<p>3 F\u00c9VRIER 2024 | PALAIS DES SPORTS &#8211; <strong>GRENOBLE<\/strong><br>Notre mission ? Cr\u00e9er des d\u00e9cors uniques et fournir du mobilier pour le r\u00e9ceptif et l\u2019accueil, sur le th\u00e8me de nuit \u00e9toil\u00e9e.<\/p>\n\n\n\n<figure class=\"wp-block-gallery has-nested-images columns-default is-cropped wp-block-gallery-25 is-layout-flex wp-block-gallery-is-layout-flex\">\n<figure class=\"wp-block-image size-large\"><img loading=\"lazy\" decoding=\"async\" width=\"1024\" height=\"1024\" data-id=\"301\" src=\"https:\/\/lesateliersm.fr\/wp-content\/uploads\/2024\/11\/1709044339539-1-1024x1024.jpg\" alt=\"\" class=\"wp-image-301\" srcset=\"https:\/\/lesateliersm.fr\/wp-content\/uploads\/2024\/11\/1709044339539-1-1024x1024.jpg 1024w, https:\/\/lesateliersm.fr\/wp-content\/uploads\/2024\/11\/1709044339539-1-300x300.jpg 300w, https:\/\/lesateliersm.fr\/wp-content\/uploads\/2024\/11\/1709044339539-1-150x150.jpg 150w, https:\/\/lesateliersm.fr\/wp-content\/uploads\/2024\/11\/1709044339539-1.jpg 1446w\" sizes=\"auto, (max-width: 1024px) 100vw, 1024px\" \/><\/figure>\n\n\n\n<figure class=\"wp-block-image size-large\"><img loading=\"lazy\" decoding=\"async\" width=\"1024\" height=\"1024\" data-id=\"302\" src=\"https:\/\/lesateliersm.fr\/wp-content\/uploads\/2024\/11\/1709044339842-1024x1024.jpg\" alt=\"\" class=\"wp-image-302\" srcset=\"https:\/\/lesateliersm.fr\/wp-content\/uploads\/2024\/11\/1709044339842-1024x1024.jpg 1024w, https:\/\/lesateliersm.fr\/wp-content\/uploads\/2024\/11\/1709044339842-300x300.jpg 300w, https:\/\/lesateliersm.fr\/wp-content\/uploads\/2024\/11\/1709044339842-150x150.jpg 150w, https:\/\/lesateliersm.fr\/wp-content\/uploads\/2024\/11\/1709044339842.jpg 1536w\" sizes=\"auto, (max-width: 1024px) 100vw, 1024px\" \/><\/figure>\n<\/figure>\n\n\n\n<div style=\"height:45px\" aria-hidden=\"true\" class=\"wp-block-spacer\"><\/div>\n\n\n\n<p><\/p>\n","protected":false},"excerpt":{"rendered":"<p>TARTIFEST 15 NOVEMBRE 2025 | HALLE OLYMPIQUE &#8211; ALBERTVILLENotre mission :&#8211; Imaginer sc\u00e8ne sur-mesure pouvant accueillir les 6 po\u00eales g\u00e9antes.&#8211; Habiller le fond de sc\u00e8ne.&#8211; Penser et construire diff\u00e9rents corners dans le hall d&rsquo;entr\u00e9e pour le rendre plus immersif.&#8211; Habiller la mezzanine afin d&rsquo;accueillir l&rsquo;espace VIP. STAND EXPLORE SAVOIE &#8211; ROC D&rsquo;AZUR 9 AU 12 &hellip; <\/p>\n<p class=\"link-more\"><a href=\"https:\/\/lesateliersm.fr\/index.php\/nos-prestations\/\" class=\"more-link\">Lire la suite de<span class=\"screen-reader-text\">\u00ab\u00a0Nos prestations\u00a0\u00bb<\/span><\/a><\/p>\n","protected":false},"author":1,"featured_media":0,"parent":0,"menu_order":0,"comment_status":"closed","ping_status":"closed","template":"","meta":{"footnotes":""},"class_list":["post-296","page","type-page","status-publish","hentry"],"_links":{"self":[{"href":"https:\/\/lesateliersm.fr\/index.php\/wp-json\/wp\/v2\/pages\/296","targetHints":{"allow":["GET"]}}],"collection":[{"href":"https:\/\/lesateliersm.fr\/index.php\/wp-json\/wp\/v2\/pages"}],"about":[{"href":"https:\/\/lesateliersm.fr\/index.php\/wp-json\/wp\/v2\/types\/page"}],"author":[{"embeddable":true,"href":"https:\/\/lesateliersm.fr\/index.php\/wp-json\/wp\/v2\/users\/1"}],"replies":[{"embeddable":true,"href":"https:\/\/lesateliersm.fr\/index.php\/wp-json\/wp\/v2\/comments?post=296"}],"version-history":[{"count":22,"href":"https:\/\/lesateliersm.fr\/index.php\/wp-json\/wp\/v2\/pages\/296\/revisions"}],"predecessor-version":[{"id":496,"href":"https:\/\/lesateliersm.fr\/index.php\/wp-json\/wp\/v2\/pages\/296\/revisions\/496"}],"wp:attachment":[{"href":"https:\/\/lesateliersm.fr\/index.php\/wp-json\/wp\/v2\/media?parent=296"}],"curies":[{"name":"wp","href":"https:\/\/api.w.org\/{rel}","templated":true}]}}